{"id":3,"date":"2026-07-01T10:42:15","date_gmt":"2026-07-01T10:42:15","guid":{"rendered":"https:\/\/remedi-prima.eu\/?page_id=3"},"modified":"2026-07-20T13:24:46","modified_gmt":"2026-07-20T11:24:46","slug":"privacy-policy","status":"publish","type":"page","link":"https:\/\/remedi-prima.eu\/tr\/privacy-policy\/","title":{"rendered":"Gizlilik Politikas\u0131"},"content":{"rendered":"<div data-elementor-type=\"wp-page\" data-elementor-id=\"3\" class=\"elementor elementor-3\" data-elementor-post-type=\"page\">\n\t\t\t\t\t\t<section class=\"elementor-section elementor-top-section elementor-element elementor-element-7a565f77 elementor-section-stretched elementor-section-content-middle elementor-reverse-mobile elementor-section-boxed elementor-section-height-default elementor-section-height-default\" data-id=\"7a565f77\" data-element_type=\"section\" data-e-type=\"section\" data-settings=\"{&quot;stretch_section&quot;:&quot;section-stretched&quot;}\">\n\t\t\t\t\t\t<div class=\"elementor-container elementor-column-gap-no\">\n\t\t\t\t\t<div class=\"elementor-column elementor-col-100 elementor-top-column elementor-element elementor-element-fa5c80c\" data-id=\"fa5c80c\" data-element_type=\"column\" data-e-type=\"column\">\n\t\t\t<div class=\"elementor-widget-wrap elementor-element-populated\">\n\t\t\t\t\t\t<section class=\"elementor-section elementor-inner-section elementor-element elementor-element-2f7023f0 elementor-section-boxed elementor-section-height-default elementor-section-height-default\" data-id=\"2f7023f0\" data-element_type=\"section\" data-e-type=\"section\">\n\t\t\t\t\t\t<div class=\"elementor-container elementor-column-gap-default\">\n\t\t\t\t\t<div class=\"elementor-column elementor-col-100 elementor-inner-column elementor-element elementor-element-73124fee\" data-id=\"73124fee\" data-element_type=\"column\" data-e-type=\"column\">\n\t\t\t<div class=\"elementor-widget-wrap elementor-element-populated\">\n\t\t\t\t\t\t<div class=\"elementor-element elementor-element-37fc74dd elementor-widget__width-initial elementor-widget elementor-widget-text-editor\" data-id=\"37fc74dd\" data-element_type=\"widget\" data-e-type=\"widget\" data-widget_type=\"text-editor.default\">\n\t\t\t\t\t\t\t\t\t<h3 class=\"wp-block-heading\"><strong>\u00d6n Bilgilendirme<\/strong><\/h3><p class=\"wp-block-paragraph\">FUNDACI\u00d3 EURECAT, ki\u015fisel bilgilerinize b\u00fcy\u00fck \u00f6nem vermektedir. Bu do\u011frultuda verilerinizi gizlilik ve g\u00fcvenlik esaslar\u0131na uygun olarak i\u015fliyoruz. Ki\u015fisel verilerin gizlili\u011fini her zaman korumay\u0131 ve gereksiz bilgi toplamamay\u0131 taahh\u00fct ediyoruz.<\/p><p class=\"wp-block-paragraph\">Web sitemize eri\u015fmek i\u00e7in \u00f6nceden kay\u0131t olman\u0131z gerekmemektedir. Daha fazla bilgiye ihtiya\u00e7 duyman\u0131z halinde, web sitemizde yer alan formu kullanarak bizimle ileti\u015fime ge\u00e7ebilirsiniz. Bunun i\u00e7in, belirtilen ama\u00e7lar do\u011frultusunda veri i\u015flenmesine y\u00f6nelik a\u00e7\u0131k r\u0131zan\u0131z\u0131 kaydetmek ad\u0131na kabul etmeniz gereken gizlilik politikam\u0131z\u0131 onaylaman\u0131z yeterlidir.<\/p><p class=\"wp-block-paragraph translation-block\">Ki\u015fisel verilerin i\u015flenmesi ve bu verilerin serbest dola\u015f\u0131m\u0131na ili\u015fkin bireylerin korunmas\u0131n\u0131 d\u00fczenleyen 27 Nisan 2016 tarihli ve (AB) 2016\/679 say\u0131l\u0131 T\u00fcz\u00fck (GDPR) ile Ki\u015fisel Verilerin Korunmas\u0131 ve Dijital Haklar\u0131n G\u00fcvence Alt\u0131na Al\u0131nmas\u0131na \u0130li\u015fkin 5 Aral\u0131k tarihli ve 3\/2018 say\u0131l\u0131 Kanun uyar\u0131nca, verilerinizin i\u015flenmesine ili\u015fkin hususlar\u0131 bu Gizlilik Politikas\u0131 arac\u0131l\u0131\u011f\u0131yla bilgilerinize sunar\u0131z.<\/p><p class=\"translation-block\">Not: Bu Gizlilik Politikas\u0131n\u0131n Katalanca, \u0130spanyolca, \u0130talyanca, Arap\u00e7a ve T\u00fcrk\u00e7e \u00e7evirileri yapay zeka ara\u00e7lar\u0131 kullan\u0131larak olu\u015fturulmu\u015ftur. Yorumlamada herhangi bir \u00e7eli\u015fki olmas\u0131 halinde \u0130ngilizce orijinal metin esas al\u0131nacakt\u0131r.<\/p><h3 class=\"wp-block-heading\"><strong>Verileri Kim \u0130\u015fliyor?<\/strong><\/h3><ul><li><strong>Unvan:<\/strong>\u00a0FUNDACI\u00d3 EURECAT (Bundan b\u00f6yle \u201cEurecat\u201d olarak an\u0131lacakt\u0131r)<\/li><li><strong>Vergi Kimlik Numaras\u0131 (NIF):<\/strong>\u00a0G66210345<\/li><li><strong>\u015eirket Merkezi:<\/strong>\u00a0Parc Tecnol\u00f2gic del Vall\u00e8s. Avinguda Universitat Aut\u00f2noma, 23 \u2013 08290 Cerdanyola del Vall\u00e8s<\/li><li><strong>Hukuk departman\u0131 e-posta adresi:<\/strong>\u00a0<a href=\"mailto:legal@eurecat.org\">legal@eurecat.org<\/a><\/li><li><strong>Telefon numaras\u0131:<\/strong>\u00a0+ 34 93 238 14 00<\/li><li><strong>Veri Koruma G\u00f6revlisi<\/strong><\/li><li><strong>Veri Koruma G\u00f6revlisi E-posta Adresi:\u00a0<\/strong><a href=\"mailto:dpd@eurecat.org\">dpd@eurecat.org<\/a><\/li><\/ul><h3 class=\"wp-block-heading\"><strong>Hangi Verileri, Hangi Ama\u00e7larla Topluyoruz ve Ne Kadar S\u00fcreyle Sakl\u0131yoruz?<\/strong><\/h3><table class=\"has-fixed-layout\"><tbody><tr><td colspan=\"3\"><strong>VER\u0130 \u0130\u015eLEME AMACI VE HUKUK\u0130 DAYANA\u011eI<\/strong><\/td><td><strong>SAKLAMA S\u00dcRES\u0130<\/strong><\/td><\/tr><tr><td><strong>\u0130leti\u015fim formu<\/strong><\/td><td>Kullan\u0131c\u0131n\u0131n talep ve sorgular\u0131n\u0131 yan\u0131tlamak amac\u0131yla i\u015flenir. Bu i\u015flemenin hukuki sebebi, GDPR Madde 6.1.a uyar\u0131nca ilgili ki\u015finin a\u00e7\u0131k r\u0131zas\u0131d\u0131r.<\/td><td colspan=\"2\">Toplanan veriler, toplanma amac\u0131n\u0131 ger\u00e7ekle\u015ftirmek i\u00e7in kesinlikle gerekli olan s\u00fcre boyunca ve her hal\u00fckarda, ilgili mevzuatta belirtilen s\u00fcreler dikkate al\u0131narak s\u00f6z konusu ama\u00e7tan do\u011fabilecek olas\u0131 sorumluluklar\u0131n tespiti amac\u0131yla saklanacakt\u0131r.<\/td><\/tr><tr><td><strong>\u015eirket hakk\u0131nda bilgilendirici iletilerin ve B\u00fcltenin g\u00f6nderilmesi<\/strong><\/td><td>\u015eirkete ait bilgilendirmelere, promosyonlara ve tekliflere abone olmak amac\u0131yla i\u015flenir. Bu i\u015flemenin hukuki sebebi, GDPR Madde 6.1.a uyar\u0131nca ilgili ki\u015finin a\u00e7\u0131k r\u0131zas\u0131d\u0131r.<\/td><td colspan=\"2\">Veriler, ilgili ki\u015finin B\u00fcltene abone oldu\u011fu s\u00fcre boyunca veya verilerin silinmesini ya da i\u015flenmesine itiraz etme hakk\u0131n\u0131 kullan\u0131ncaya kadar saklanacakt\u0131r. Bununla birlikte, s\u00f6z konusu ama\u00e7tan do\u011fabilecek olas\u0131 sorumluluklar\u0131n tespiti amac\u0131yla da muhafaza edilebilir.<\/td><\/tr><tr><td><strong>E-posta y\u00f6netimi<\/strong><\/td><td>Gelen talepleri yan\u0131tlamak ve ticari veya mesleki ili\u015fkiyi y\u00fcr\u00fctmek amac\u0131yla i\u015flenir. Hukuki sebebi, GDPR Madde 6.1.b uyar\u0131nca Veri Sorumlusu ile ilgili ki\u015fi aras\u0131ndaki s\u00f6zle\u015fme ili\u015fkisidir.<\/td><td colspan=\"2\">Toplanan veriler, toplanma amac\u0131n\u0131 ger\u00e7ekle\u015ftirmek i\u00e7in kesinlikle gerekli olan s\u00fcre boyunca ve her durumda, ilgili mevzuatta \u00f6ng\u00f6r\u00fclen s\u00fcreler dikkate al\u0131narak s\u00f6z konusu ama\u00e7tan do\u011fabilecek olas\u0131 sorumluluklar\u0131n tespiti amac\u0131yla saklanacakt\u0131r.<\/td><\/tr><tr><td><strong>Etkinlikler, konferanslar ve organizasyonlar<\/strong><\/td><td>Etkinlik, konferans veya organizasyonlara kat\u0131l\u0131m kay\u0131tlar\u0131n\u0131 y\u00f6netmek amac\u0131yla i\u015flenir. Bu ama\u00e7la yap\u0131lacak veri i\u015flemenin hukuki sebebi, GDPR Madde 6.1.a uyar\u0131nca ilgili ki\u015finin a\u00e7\u0131k r\u0131zas\u0131d\u0131r.<\/td><td colspan=\"2\"><p>Toplanan veriler, toplanma amac\u0131n\u0131 ger\u00e7ekle\u015ftirmek i\u00e7in kesinlikle gerekli olan s\u00fcre boyunca ve her hal\u00fckarda, ilgili mevzuatta \u00f6ng\u00f6r\u00fclen s\u00fcreler dikkate al\u0131narak s\u00f6z konusu ama\u00e7tan do\u011fabilecek olas\u0131 sorumluluklar\u0131n tespiti amac\u0131yla saklanacakt\u0131r.<\/p><\/td><\/tr><\/tbody><\/table><h3 class=\"wp-block-heading\"><strong>Veriler kimlerle payla\u015f\u0131l\u0131r?<\/strong><\/h3><p class=\"wp-block-paragraph\">Eurecat, kullan\u0131c\u0131 verilerinin ana al\u0131c\u0131s\u0131d\u0131r; bununla birlikte veriler, Veri Sorumlusu ad\u0131na hizmet sunan \u00fc\u00e7\u00fcnc\u00fc taraflar\u0131n eri\u015fimine a\u00e7\u0131labilir. Eurecat\u2019in hizmet sa\u011flay\u0131c\u0131lar\u0131n\u0131n, y\u00fcr\u00fct\u00fclen hizmetler gere\u011fi kullan\u0131c\u0131 verilerine eri\u015fmesini gerektiren durumlar, GDPR Madde 28 kapsam\u0131ndaki hukuki y\u00fck\u00fcml\u00fcl\u00fcklere tabidir. Hizmet sa\u011flay\u0131c\u0131lar, her ne ko\u015fulda olursa olsun kullan\u0131c\u0131 verilerini kendi ama\u00e7lar\u0131 veya farkl\u0131 ama\u00e7lar do\u011frultusunda i\u015fleyemez, sunulan hizmetlerin kapsam\u0131n\u0131 a\u015famaz; verileri kiralayamaz, satamaz veya \u00fc\u00e7\u00fcnc\u00fc \u015fah\u0131slar\u0131n kullan\u0131m\u0131na sunamaz.<\/p><p class=\"wp-block-paragraph\">Veri Sorumlusu, yasal \u015fartlar\u0131 kar\u015f\u0131layan \u00f6n r\u0131zan\u0131z olmaks\u0131z\u0131n verilerinizi \u00fc\u00e7\u00fcnc\u00fc ki\u015filere aktarmaz.<\/p><p class=\"wp-block-paragraph\">Yasal y\u00fck\u00fcml\u00fcl\u00fcklerin bulunmas\u0131 halinde Veri Sorumlusu, kullan\u0131c\u0131n\u0131n \u00f6n r\u0131zas\u0131 olmaks\u0131z\u0131n verileri \u00fc\u00e7\u00fcnc\u00fc ki\u015filere aktarabilir.<\/p><p class=\"wp-block-paragraph\">Web formlar\u0131 arac\u0131l\u0131\u011f\u0131yla elde edilen ki\u015fisel veriler, kullan\u0131c\u0131 taleplerini y\u00f6netmek, yan\u0131tlamak ve verilerin sunulu\u015f amac\u0131na uygun i\u015flemleri ger\u00e7ekle\u015ftirmek \u00fczere Eurecat\u2019in i\u015f birli\u011fi yapt\u0131\u011f\u0131 belirli konsorsiyum ortaklar\u0131na aktar\u0131labilir. Konsorsiyum ortaklar\u0131n\u0131n bu verilere eri\u015fimi, verilerin kendi ama\u00e7lar\u0131 do\u011frultusunda bir devri niteli\u011fini ta\u015f\u0131maz. <a href=\"https:\/\/remedi-prima.eu\/tr\/consortium\/\" target=\"_blank\" rel=\"noopener\">Proje konsorsiyum ortaklar\u0131n\u0131n ayr\u0131nt\u0131l\u0131 listesine buradan ula\u015fabilirsiniz.<\/a>.<\/p><h3 class=\"wp-block-heading\"><strong>Veriler Uluslararas\u0131 D\u00fczeyde Aktar\u0131l\u0131yor mu?<\/strong><\/h3><p class=\"wp-block-paragraph\">Avrupa Birli\u011fi d\u0131\u015f\u0131ndaki \u00fclkelere herhangi bir uluslararas\u0131 veri aktar\u0131m\u0131 yap\u0131lmamaktad\u0131r.<\/p><h3 class=\"wp-block-heading\"><strong>Kullan\u0131c\u0131 Olarak Haklar\u0131n\u0131z Nelerdir ve Bu Haklar\u0131 Nas\u0131l Kullanabilirsiniz?<\/strong><\/h3><h4 class=\"wp-block-heading\"><strong><em>Veriye Eri\u015fim Hakk\u0131<\/em><\/strong><\/h4><p class=\"wp-block-paragraph\">Bir kullan\u0131c\u0131 olarak, ki\u015fisel verilerinizle ne yapt\u0131\u011f\u0131m\u0131z\u0131 a\u00e7\u0131klamam\u0131z\u0131 bizden talep edebilirsiniz. Ayr\u0131ca di\u011fer konular\u0131n yan\u0131 s\u0131ra, ki\u015fisel verilerinizin i\u015flenme amac\u0131, verileri saklama s\u00fcremiz, kullan\u0131c\u0131 olarak haklar\u0131n\u0131z, verilerin \u00fc\u00e7\u00fcnc\u00fc bir \u00fclkeye veya uluslararas\u0131 bir kurulu\u015fa aktar\u0131lmas\u0131, web sitesindeki otomatik karar alma veya profilleme s\u00fcre\u00e7lerinin varl\u0131\u011f\u0131 hakk\u0131nda da bizden bilgi talep edebilirsiniz.<\/p><h4 class=\"wp-block-heading\"><strong><em>D\u00fczeltme hakk\u0131<\/em><\/strong><\/h4><p class=\"wp-block-paragraph\">Bize sa\u011flad\u0131\u011f\u0131n\u0131z ki\u015fisel verilerin eksik veya yanl\u0131\u015f olmas\u0131 durumunda, bu verileri d\u00fczeltilmesini veya tamamlanmas\u0131n\u0131 talep etme hakk\u0131na sahipsiniz. L\u00fctfen bizimle ileti\u015fime ge\u00e7in; verilerinizi talebiniz do\u011frultusunda d\u00fczeltece\u011fiz.<\/p><h4 class=\"wp-block-heading\"><strong><em>\u0130\u015flemeyi S\u0131n\u0131rlama Hakk\u0131<\/em><\/strong><\/h4><p class=\"wp-block-paragraph\">Bir kullan\u0131c\u0131 olarak, a\u015fa\u011f\u0131daki durumlarda ki\u015fisel verilerinizin i\u015flenmesinin s\u0131n\u0131rland\u0131r\u0131lmas\u0131n\u0131 talep edebilirsiniz:<\/p><p class=\"wp-block-paragraph\">Ki\u015fisel verilerinizin do\u011frulu\u011funa itiraz etmeniz halinde, do\u011frulu\u011funu teyit etmemize imkan tan\u0131yacak bir s\u00fcre boyunca.<\/p><p class=\"wp-block-paragraph\">\u0130\u015flemenin hukuka ayk\u0131r\u0131 olmas\u0131 ve verilerinizin silinmesine kar\u015f\u0131 \u00e7\u0131karak silme yerine kullan\u0131m\u0131n\u0131n s\u0131n\u0131rland\u0131r\u0131lmas\u0131n\u0131 talep etmeniz halinde.<\/p><p class=\"wp-block-paragraph\">\u0130\u015fleme ama\u00e7lar\u0131 do\u011frultusunda verilerinize art\u0131k ihtiya\u00e7 duymam\u0131za ra\u011fmen, bir hakk\u0131n tesisi, kullan\u0131lmas\u0131 veya savunulmas\u0131 i\u00e7in bu verilerin gerekli olmas\u0131 halinde.<\/p><h4 class=\"wp-block-heading\"><strong><em>Silme Hakk\u0131 (Unutulma Hakk\u0131)<\/em><\/strong><\/h4><p class=\"wp-block-paragraph\">Ki\u015fisel verilerinizin derhal silinmesini bizden talep edebilirsiniz. Verilerin toplanma amac\u0131n\u0131 ger\u00e7ekle\u015ftirmek i\u00e7in art\u0131k gerekli olmamas\u0131 halinde, bu verileri derhal silmekle y\u00fck\u00fcml\u00fcy\u00fcz. Bunun yan\u0131 s\u0131ra; vermi\u015f oldu\u011funuz r\u0131zadan vazge\u00e7meniz, i\u015flemeye itiraz etmeniz ve bunun i\u00e7in hakl\u0131 nedenlerin bulunmamas\u0131, verilerinizin hatal\u0131 i\u015flenmi\u015f olmas\u0131, hukuki bir y\u00fck\u00fcml\u00fcl\u00fc\u011f\u00fcn yerine getirilmesi amac\u0131yla verilerin silinmesinin gerekmesi veya verilerin yasal bir teklif kapsam\u0131nda elde edilmi\u015f olmas\u0131 durumlar\u0131nda da verilerinizin silinmesini isteyebilirsiniz.<\/p><h4 class=\"wp-block-heading\"><strong><em>Bilgi edinme hakk\u0131<\/em><\/strong><\/h4><p class=\"wp-block-paragraph\">Verilerinizin d\u00fczeltilmesi, silinmesi veya i\u015flenmesinin s\u0131n\u0131rland\u0131r\u0131lmas\u0131 hakk\u0131n\u0131 kulland\u0131\u011f\u0131n\u0131zda, bunun imkans\u0131z oldu\u011fu veya orant\u0131s\u0131z bir \u00e7aba gerektirdi\u011fi durumlar haricinde, ki\u015fisel verilerinizin aktar\u0131ld\u0131\u011f\u0131 t\u00fcm al\u0131c\u0131lar\u0131 bu d\u00fczeltme, silme veya i\u015flemeyi s\u0131n\u0131rland\u0131rma durumu hakk\u0131nda bilgilendirmekle y\u00fck\u00fcml\u00fcy\u00fcz. Bir kullan\u0131c\u0131 olarak, veri sorumlusundan bu al\u0131c\u0131lar\u0131n kimler oldu\u011fu konusunda bilgi alma hakk\u0131na sahipsiniz.<\/p><h4 class=\"wp-block-heading\"><strong><em>Veri ta\u015f\u0131nabilirli\u011fi hakk\u0131<\/em><\/strong><\/h4><p class=\"wp-block-paragraph\">Bize sa\u011flad\u0131\u011f\u0131n\u0131z ki\u015fisel verileri yap\u0131s\u0131n\u0131 bozulmam\u0131\u015f, yayg\u0131n olarak kullan\u0131lan ve makinece okunabilir bir formatta alma hakk\u0131na sahipsiniz. Ayr\u0131ca engellememiz s\u00f6z konusu olmaks\u0131z\u0131n, bu verileri ba\u015fka bir veri sorumlusuna aktarma hakk\u0131n\u0131z da mevcuttur.<\/p><h4 class=\"wp-block-heading\"><strong><em>Veri i\u015flemeye itiraz hakk\u0131<\/em><\/strong><\/h4><p class=\"wp-block-paragraph\">Bir kullan\u0131c\u0131 olarak, \u00f6zel durumunuzla ilgili nedenlerle, kullan\u0131m\u0131m\u0131za sunulan ki\u015fisel verileri kullanmam\u0131za her zaman itiraz etme hakk\u0131na sahipsiniz. S\u00f6z konusu verileri kullanmak i\u00e7in menfaatlerinizin, haklar\u0131n\u0131z\u0131n ve \u00f6zg\u00fcrl\u00fcklerinizin \u00fczerinde yer alan zorunlu ve me\u015fru gerek\u00e7elerimiz bulunmad\u0131\u011f\u0131 ya da i\u015fleme s\u00fcreci bir hakk\u0131n tesisi, kullan\u0131lmas\u0131 veya savunulmas\u0131 amac\u0131n\u0131 ta\u015f\u0131mad\u0131\u011f\u0131 s\u00fcrece ki\u015fisel verilerinizi i\u015flemeyi durdururuz.<\/p><h4 class=\"wp-block-heading\"><strong><em>Veri korumaya ili\u015fkin r\u0131za beyan\u0131ndan d\u00f6nme hakk\u0131<\/em><\/strong><\/h4><p class=\"wp-block-paragraph\">Bir kullan\u0131c\u0131 olarak, veri korumaya ili\u015fkin verdi\u011finiz r\u0131za beyan\u0131n\u0131 diledi\u011finiz zaman de\u011fi\u015ftirme veya geri \u00e7ekme hakk\u0131na sahipsiniz. R\u0131zaya ili\u015fkin bu karar de\u011fi\u015fikli\u011fi, r\u0131zan\u0131n geri \u00e7ekilmesinden \u00f6nce ger\u00e7ekle\u015ftirilen veri i\u015fleme faaliyetlerinin hukuka uygunlu\u011funu etkilemez.<\/p><h4 class=\"wp-block-heading\"><strong><em>Otomatik Bireysel Kararlar (Profilleme Dahil)<\/em><\/strong><\/h4><p class=\"wp-block-paragraph\">Profilleme de dahil olmak \u00fczere, hakk\u0131n\u0131zda hukuki sonu\u00e7lar do\u011furan veya sizi benzer \u015fekilde \u00f6nemli \u00f6l\u00e7\u00fcde etkileyen ve yaln\u0131zca otomatik i\u015flemeye dayanan bir karara tabi tutulmama hakk\u0131na sahipsiniz<\/p><h4 class=\"wp-block-heading\"><strong><em>Denetim Makam\u0131na \u015eikayette Bulunma Hakk\u0131<\/em><\/strong><\/h4><p class=\"wp-block-paragraph\">Bir kullan\u0131c\u0131 olarak, ki\u015fisel verilerinizin i\u015flenmesinin GDPR'nin ihlali anlam\u0131na geldi\u011fini d\u00fc\u015f\u00fcn\u00fcyorsan\u0131z, \u00f6zellikle ikamet etti\u011finiz, \u00e7al\u0131\u015ft\u0131\u011f\u0131n\u0131z veya ihlalin ger\u00e7ekle\u015fti\u011fi \u00dcye Devletteki bir denetim makam\u0131na \u015fikayette bulunma hakk\u0131n\u0131z vard\u0131r.<\/p><h3 class=\"wp-block-heading\"><strong>Haklar\u0131n\u0131z\u0131 Nereye Ba\u015fvurarak Kullanabilirsiniz?<\/strong><\/h3><p class=\"wp-block-paragraph\">Haklar\u0131n\u0131z\u0131 kullanma taleplerinizi a\u015fa\u011f\u0131daki e-posta adresine iletebilirsiniz:\u00a0<a href=\"mailto:legal@eurecat.org\">legal@eurecat.org<\/a><\/p><h3 class=\"wp-block-heading\"><strong>Veri Toplama Formlar\u0131nda Talep Edilen T\u00fcm Bilgilerin Sa\u011flanmas\u0131 Zorunlu mudur?<\/strong><\/h3><p class=\"wp-block-paragraph\">Web sitesinde yer alan formlarla ilgili olarak, \u201cdoldurulmas\u0131 zorunlu\u201d \u015feklinde i\u015faretlenmi\u015f alanlar\u0131n tamamlanmas\u0131 gerekmektedir. Zorunlu ki\u015fisel verilerin hi\u00e7 sunulmamas\u0131 veya eksik sunulmas\u0131, Eurecat\u2019in taleplerinizi i\u015fleme koyamamas\u0131na yol a\u00e7abilir. Bu durumda Eurecat, talep edilen hizmetlerin hi\u00e7 ifa edilememesi veya yaln\u0131zca k\u0131smen ifa edilebilmesi sebebiyle do\u011fabilecek her t\u00fcrl\u00fc sorumluluktan muaf tutulacakt\u0131r.<\/p><p class=\"wp-block-paragraph\">Kay\u0131tlar\u0131m\u0131z\u0131n g\u00fcncel ve hatas\u0131z tutulabilmesi ad\u0131na, kullan\u0131c\u0131 taraf\u0131ndan Eurecat\u2019e sa\u011flanan ki\u015fisel verilerin g\u00fcncel olmas\u0131 gerekmektedir. Sunulan verilerin do\u011frulu\u011fundan ve ger\u00e7e\u011fe uygunlu\u011fundan kullan\u0131c\u0131 sorumludur.<\/p><h3 class=\"wp-block-heading\"><strong>Hangi G\u00fcvenlik Tedbirlerini Uyguluyoruz?<\/strong><\/h3><p class=\"wp-block-paragraph\">Eurecat, ki\u015fisel verilerinizi veri koruma ve bilgi toplumu hizmetlerine ili\u015fkin y\u00fcr\u00fcrl\u00fckteki mevzuata uygun olarak korumakta ve i\u015flemektedir.<\/p><p class=\"wp-block-paragraph\">Y\u00fcr\u00fcrl\u00fckteki mevzuat h\u00fck\u00fcmleri do\u011frultusunda; teknolojinin mevcut durumunu, sa\u011flanan verilerin niteli\u011fini, insan m\u00fcdahalesinden yahut fiziki ve do\u011fal etkenlerden kaynaklanabilecek riskleri g\u00f6z \u00f6n\u00fcnde bulundurarak kullan\u0131c\u0131lar\u0131n ki\u015fisel verilerinin g\u00fcvenli\u011fini sa\u011flamak; verilerin tahrif edilmesini, kayb\u0131n\u0131, yetkisiz i\u015flenmesini ve\/veya verilere yetkisiz eri\u015fimi \u00f6nlemek amac\u0131yla gerekli teknik ve idari g\u00fcvenlik tedbirlerini hayata ge\u00e7irmi\u015f bulunmaktay\u0131z.<\/p>\t\t\t\t\t\t\t\t<\/div>\n\t\t\t\t\t<\/div>\n\t\t<\/div>\n\t\t\t\t\t<\/div>\n\t\t<\/section>\n\t\t\t\t\t<\/div>\n\t\t<\/div>\n\t\t\t\t\t<\/div>\n\t\t<\/section>\n\t\t\t\t<\/div>","protected":false},"excerpt":{"rendered":"<p>Preliminary information FUNDACI\u00d3 EURECAT considers your personal information very important. We therefore process it confidentially and securely. We are committed to ensuring the privacy of personal data at all times and not to collecting unnecessary information. You do not need to previously sign up in order to access our website. If you require any further&hellip;<\/p>","protected":false},"author":1,"featured_media":0,"parent":0,"menu_order":0,"comment_status":"closed","ping_status":"closed","template":"","meta":{"footnotes":""},"class_list":["post-3","page","type-page","status-publish","hentry"],"yoast_head":"<!-- This site is optimized with the Yoast SEO plugin v28.3 - https:\/\/yoast.com\/product\/yoast-seo-wordpress\/ -->\n<title>Privacy Policy - remedi-prima<\/title>\n<meta name=\"robots\" content=\"noindex, follow\" \/>\n<meta property=\"og:locale\" content=\"tr_TR\" \/>\n<meta property=\"og:type\" content=\"article\" \/>\n<meta property=\"og:title\" content=\"Privacy Policy - remedi-prima\" \/>\n<meta property=\"og:description\" content=\"Preliminary information FUNDACI\u00d3 EURECAT considers your personal information very important. We therefore process it confidentially and securely. We are committed to ensuring the privacy of personal data at all times and not to collecting unnecessary information. You do not need to previously sign up in order to access our website. If you require any further&hellip;\" \/>\n<meta property=\"og:url\" content=\"https:\/\/remedi-prima.eu\/tr\/privacy-policy\/\" \/>\n<meta property=\"og:site_name\" content=\"remedi-prima\" \/>\n<meta property=\"article:modified_time\" content=\"2026-07-20T11:24:46+00:00\" \/>\n<meta name=\"twitter:card\" content=\"summary_large_image\" \/>\n<meta name=\"twitter:label1\" content=\"Tahmini okuma s\u00fcresi\" \/>\n\t<meta name=\"twitter:data1\" content=\"8 dakika\" \/>\n<script type=\"application\/ld+json\" class=\"yoast-schema-graph\">{\"@context\":\"https:\\\/\\\/schema.org\",\"@graph\":[{\"@type\":\"WebPage\",\"@id\":\"https:\\\/\\\/remedi-prima.eu\\\/privacy-policy\\\/\",\"url\":\"https:\\\/\\\/remedi-prima.eu\\\/privacy-policy\\\/\",\"name\":\"Privacy Policy - remedi-prima\",\"isPartOf\":{\"@id\":\"https:\\\/\\\/remedi-prima.eu\\\/#website\"},\"datePublished\":\"2026-07-01T10:42:15+00:00\",\"dateModified\":\"2026-07-20T11:24:46+00:00\",\"breadcrumb\":{\"@id\":\"https:\\\/\\\/remedi-prima.eu\\\/privacy-policy\\\/#breadcrumb\"},\"inLanguage\":\"tr\",\"potentialAction\":[{\"@type\":\"ReadAction\",\"target\":[\"https:\\\/\\\/remedi-prima.eu\\\/privacy-policy\\\/\"]}]},{\"@type\":\"BreadcrumbList\",\"@id\":\"https:\\\/\\\/remedi-prima.eu\\\/privacy-policy\\\/#breadcrumb\",\"itemListElement\":[{\"@type\":\"ListItem\",\"position\":1,\"name\":\"Home\",\"item\":\"https:\\\/\\\/remedi-prima.eu\\\/\"},{\"@type\":\"ListItem\",\"position\":2,\"name\":\"Privacy Policy\"}]},{\"@type\":\"WebSite\",\"@id\":\"https:\\\/\\\/remedi-prima.eu\\\/#website\",\"url\":\"https:\\\/\\\/remedi-prima.eu\\\/\",\"name\":\"remedi-prima\",\"description\":\"remedi-prima\",\"publisher\":{\"@id\":\"https:\\\/\\\/remedi-prima.eu\\\/#organization\"},\"potentialAction\":[{\"@type\":\"SearchAction\",\"target\":{\"@type\":\"EntryPoint\",\"urlTemplate\":\"https:\\\/\\\/remedi-prima.eu\\\/?s={search_term_string}\"},\"query-input\":{\"@type\":\"PropertyValueSpecification\",\"valueRequired\":true,\"valueName\":\"search_term_string\"}}],\"inLanguage\":\"tr\"},{\"@type\":\"Organization\",\"@id\":\"https:\\\/\\\/remedi-prima.eu\\\/#organization\",\"name\":\"remedi-prima\",\"url\":\"https:\\\/\\\/remedi-prima.eu\\\/\",\"logo\":{\"@type\":\"ImageObject\",\"inLanguage\":\"tr\",\"@id\":\"https:\\\/\\\/remedi-prima.eu\\\/#\\\/schema\\\/logo\\\/image\\\/\",\"url\":\"https:\\\/\\\/remedi-prima.eu\\\/wp-content\\\/uploads\\\/2026\\\/07\\\/REMEDI_COLOR-HORITZONTAL-1-scaled-e1784030286740.png\",\"contentUrl\":\"https:\\\/\\\/remedi-prima.eu\\\/wp-content\\\/uploads\\\/2026\\\/07\\\/REMEDI_COLOR-HORITZONTAL-1-scaled-e1784030286740.png\",\"width\":1800,\"height\":670,\"caption\":\"remedi-prima\"},\"image\":{\"@id\":\"https:\\\/\\\/remedi-prima.eu\\\/#\\\/schema\\\/logo\\\/image\\\/\"}}]}<\/script>\n<!-- \/ Yoast SEO plugin. -->","yoast_head_json":{"title":"Privacy Policy - remedi-prima","robots":{"index":"noindex","follow":"follow"},"og_locale":"tr_TR","og_type":"article","og_title":"Privacy Policy - remedi-prima","og_description":"Preliminary information FUNDACI\u00d3 EURECAT considers your personal information very important. We therefore process it confidentially and securely. We are committed to ensuring the privacy of personal data at all times and not to collecting unnecessary information. You do not need to previously sign up in order to access our website. If you require any further&hellip;","og_url":"https:\/\/remedi-prima.eu\/tr\/privacy-policy\/","og_site_name":"remedi-prima","article_modified_time":"2026-07-20T11:24:46+00:00","twitter_card":"summary_large_image","twitter_misc":{"Tahmini okuma s\u00fcresi":"8 dakika"},"schema":{"@context":"https:\/\/schema.org","@graph":[{"@type":"WebPage","@id":"https:\/\/remedi-prima.eu\/privacy-policy\/","url":"https:\/\/remedi-prima.eu\/privacy-policy\/","name":"Privacy Policy - remedi-prima","isPartOf":{"@id":"https:\/\/remedi-prima.eu\/#website"},"datePublished":"2026-07-01T10:42:15+00:00","dateModified":"2026-07-20T11:24:46+00:00","breadcrumb":{"@id":"https:\/\/remedi-prima.eu\/privacy-policy\/#breadcrumb"},"inLanguage":"tr","potentialAction":[{"@type":"ReadAction","target":["https:\/\/remedi-prima.eu\/privacy-policy\/"]}]},{"@type":"BreadcrumbList","@id":"https:\/\/remedi-prima.eu\/privacy-policy\/#breadcrumb","itemListElement":[{"@type":"ListItem","position":1,"name":"Home","item":"https:\/\/remedi-prima.eu\/"},{"@type":"ListItem","position":2,"name":"Privacy Policy"}]},{"@type":"WebSite","@id":"https:\/\/remedi-prima.eu\/#website","url":"https:\/\/remedi-prima.eu\/","name":"remedi-prima","description":"remedi-prima","publisher":{"@id":"https:\/\/remedi-prima.eu\/#organization"},"potentialAction":[{"@type":"SearchAction","target":{"@type":"EntryPoint","urlTemplate":"https:\/\/remedi-prima.eu\/?s={search_term_string}"},"query-input":{"@type":"PropertyValueSpecification","valueRequired":true,"valueName":"search_term_string"}}],"inLanguage":"tr"},{"@type":"Organization","@id":"https:\/\/remedi-prima.eu\/#organization","name":"remedi-prima","url":"https:\/\/remedi-prima.eu\/","logo":{"@type":"ImageObject","inLanguage":"tr","@id":"https:\/\/remedi-prima.eu\/#\/schema\/logo\/image\/","url":"https:\/\/remedi-prima.eu\/wp-content\/uploads\/2026\/07\/REMEDI_COLOR-HORITZONTAL-1-scaled-e1784030286740.png","contentUrl":"https:\/\/remedi-prima.eu\/wp-content\/uploads\/2026\/07\/REMEDI_COLOR-HORITZONTAL-1-scaled-e1784030286740.png","width":1800,"height":670,"caption":"remedi-prima"},"image":{"@id":"https:\/\/remedi-prima.eu\/#\/schema\/logo\/image\/"}}]}},"_links":{"self":[{"href":"https:\/\/remedi-prima.eu\/tr\/wp-json\/wp\/v2\/pages\/3","targetHints":{"allow":["GET"]}}],"collection":[{"href":"https:\/\/remedi-prima.eu\/tr\/wp-json\/wp\/v2\/pages"}],"about":[{"href":"https:\/\/remedi-prima.eu\/tr\/wp-json\/wp\/v2\/types\/page"}],"author":[{"embeddable":true,"href":"https:\/\/remedi-prima.eu\/tr\/wp-json\/wp\/v2\/users\/1"}],"replies":[{"embeddable":true,"href":"https:\/\/remedi-prima.eu\/tr\/wp-json\/wp\/v2\/comments?post=3"}],"version-history":[{"count":1,"href":"https:\/\/remedi-prima.eu\/tr\/wp-json\/wp\/v2\/pages\/3\/revisions"}],"predecessor-version":[{"id":7800,"href":"https:\/\/remedi-prima.eu\/tr\/wp-json\/wp\/v2\/pages\/3\/revisions\/7800"}],"wp:attachment":[{"href":"https:\/\/remedi-prima.eu\/tr\/wp-json\/wp\/v2\/media?parent=3"}],"curies":[{"name":"wp","href":"https:\/\/api.w.org\/{rel}","templated":true}]}}