{"id":7216,"date":"2026-07-09T13:06:35","date_gmt":"2026-07-09T11:06:35","guid":{"rendered":"https:\/\/remedi-prima.eu\/?page_id=7216"},"modified":"2026-07-20T13:24:08","modified_gmt":"2026-07-20T11:24:08","slug":"legal-warning","status":"publish","type":"page","link":"https:\/\/remedi-prima.eu\/it\/legal-warning\/","title":{"rendered":"Avviso legale"},"content":{"rendered":"<div data-elementor-type=\"wp-page\" data-elementor-id=\"7216\" class=\"elementor elementor-7216\" data-elementor-post-type=\"page\">\n\t\t\t\t<div class=\"elementor-element elementor-element-1ab19e0a e-flex e-con-boxed e-con e-parent\" data-id=\"1ab19e0a\" data-element_type=\"container\" data-e-type=\"container\">\n\t\t\t\t\t<div class=\"e-con-inner\">\n\t\t\t\t<div class=\"elementor-element elementor-element-3e74970 elementor-widget elementor-widget-spacer\" data-id=\"3e74970\" data-element_type=\"widget\" data-e-type=\"widget\" data-widget_type=\"spacer.default\">\n\t\t\t\t\t\t\t<div class=\"elementor-spacer\">\n\t\t\t<div class=\"elementor-spacer-inner\"><\/div>\n\t\t<\/div>\n\t\t\t\t\t\t<\/div>\n\t\t\t\t\t<\/div>\n\t\t\t\t<\/div>\n\t\t\t\t<section class=\"elementor-section elementor-top-section elementor-element elementor-element-7a6aa04c elementor-section-stretched elementor-section-content-middle elementor-reverse-mobile elementor-section-boxed elementor-section-height-default elementor-section-height-default\" data-id=\"7a6aa04c\" data-element_type=\"section\" data-e-type=\"section\" data-settings=\"{&quot;stretch_section&quot;:&quot;section-stretched&quot;}\">\n\t\t\t\t\t\t<div class=\"elementor-container elementor-column-gap-no\">\n\t\t\t\t\t<div class=\"elementor-column elementor-col-100 elementor-top-column elementor-element elementor-element-49decc9c\" data-id=\"49decc9c\" data-element_type=\"column\" data-e-type=\"column\">\n\t\t\t<div class=\"elementor-widget-wrap elementor-element-populated\">\n\t\t\t\t\t\t<section class=\"elementor-section elementor-inner-section elementor-element elementor-element-5bed2134 elementor-section-boxed elementor-section-height-default elementor-section-height-default\" data-id=\"5bed2134\" data-element_type=\"section\" data-e-type=\"section\">\n\t\t\t\t\t\t<div class=\"elementor-container elementor-column-gap-default\">\n\t\t\t\t\t<div class=\"elementor-column elementor-col-100 elementor-inner-column elementor-element elementor-element-18be9028\" data-id=\"18be9028\" data-element_type=\"column\" data-e-type=\"column\">\n\t\t\t<div class=\"elementor-widget-wrap elementor-element-populated\">\n\t\t\t\t\t\t<div class=\"elementor-element elementor-element-71aef151 elementor-widget__width-initial elementor-widget elementor-widget-text-editor\" data-id=\"71aef151\" data-element_type=\"widget\" data-e-type=\"widget\" data-widget_type=\"text-editor.default\">\n\t\t\t\t\t\t\t\t\t<h2><strong>Avviso legale<\/strong><\/h2><p>In conformit\u00e0 alla Legge 34\/2002 dell'11 luglio sui servizi della societ\u00e0 dell'informazione e del commercio elettronico, si informa l'Utente che il proprietario del sito web <a href=\"https:\/\/remedi-prima.eu\/it\/\" target=\"_blank\" rel=\"noopener\">https:\/\/remedi-prima.eu\/<\/a> \u00a0\u00e8 FUNDACI\u00d3 EURECAT, le cui informazioni di identificazione sono le seguenti:\u00a0<\/p><ul><li><strong>Sede legale:\u00a0<\/strong>Av. Universitat Aut\u00f2noma, 23\u00a0<\/li><li><strong>CAP\u00a0<\/strong>08290\u00a0<\/li><li><strong>Citt\u00e0:\u00a0<\/strong>Cerdanyola del Vall\u00e8s<strong>\u00a0<\/strong><\/li><li><strong>Provincia:\u00a0<\/strong>Barcellona\u00a0<\/li><li><strong>CIF:\u00a0<\/strong>G66210345\u00a0<\/li><li><strong>E-mail:\u00a0<\/strong>legal@eurecat.org \/ info@eurecat.org<\/li><li><strong>Dati del registro:<\/strong>\u00a0Registrata nel Registro delle Fondazioni della Generalitat de Catalunya con il numero 2826.<em>\u00a0<\/em><\/li><\/ul><h3><strong>Accesso al sito web\u00a0<\/strong><\/h3><p>Il presente avviso legale disciplina l'accesso e l'uso del sito web da parte degli Utenti e ha lo scopo di informare sui servizi e prodotti dell'entit\u00e0 e consentire l'accesso generale a tutti gli utenti di Internet.\u00a0<\/p><p>Qualsiasi persona che accede o utilizza il presente Sito Web \u00e8 considerata un Utente e accetta, senza riserve di alcun tipo, ciascuna di queste condizioni generali, nonch\u00e9 altre condizioni speciali che, se applicabili, disciplinano l'uso del Portale o dei servizi ad esso collegati.\u00a0<\/p><p>L'Utente dovr\u00e0 leggere attentamente l'Avviso Legale e le Informative sulla Privacy e sui Cookie quando intende utilizzare il Sito Web, poich\u00e9 FUNDACI\u00d3 EURECAT si riserva il diritto di apportare, in qualsiasi momento e senza preavviso, qualsiasi modifica o aggiornamento dei contenuti e dei servizi, delle presenti disposizioni di accesso e utilizzo e, in generale, di tutti gli elementi che compongono il design e la configurazione del suo Sito Web. In caso di mancata accettazione delle condizioni di accesso e utilizzo, si prega di astenersi dall'utilizzare il Sito Web e i suoi contenuti.\u00a0<\/p><h3><strong>Utilizzo del sito web\u00a0<\/strong><\/h3><p>L'Utente si impegna a utilizzare con diligenza il Sito Web, nonch\u00e9 le informazioni relative ai suoi servizi e\/o attivit\u00e0, nel pieno rispetto della normativa applicabile, dell'etica, delle buone pratiche generalmente accettate e dell'ordine pubblico; delle condizioni di accesso e utilizzo; e di ogni altra condizione stabilita sul Sito Web.\u00a0<\/p><p>Inoltre, l'utente accetta di astenersi dall'utilizzare qualsiasi contenuto per scopi illegali o per effetti proibiti dal presente documento, che possano essere dannosi per i diritti e gli interessi di terzi, o che in qualsiasi modo possano danneggiare, disabilitare, sovraccaricare, deteriorare o impedire il normale utilizzo dei contenuti (hardware e software) di altri utenti o di qualsiasi utente di Internet in generale.\u00a0<\/p><h3><strong>Funzionamento del sito web\u00a0<\/strong><\/h3><p>In caso di mancato rispetto delle condizioni dell\u2019Avviso Legale, o della Privacy Policy e sui Cookie, FUNDACI\u00d3 EURECAT si riserva il diritto di limitare, sospendere e\/o escludere l'accesso al proprio Sito Web, adottando ogni misura tecnica necessaria a tal fine. FUNDACI\u00d3 EURECAT far\u00e0 tutto il possibile per mantenere il sito in buono stato di funzionamento, prevenendo guasti o riparandoli e mantenendo aggiornati i contenuti. FUNDACI\u00d3 EURECAT non garantisce, tuttavia, la disponibilit\u00e0 e la continuit\u00e0 di accesso al Sito n\u00e9 l'assenza di errori nei contenuti.\u00a0<\/p><h3><strong>Responsabilit\u00e0\u00a0<\/strong><\/h3><p>L'Utente \u00e8 l'unico responsabile dell'uso che potrebbe fare di qualsiasi informazione o meccanismo del Sito Web.\u00a0<\/p><p>FUNDACI\u00d3 EURECAT non sar\u00e0 ritenuta responsabile per eventuali danni all'hardware e\/o software dell'Utente che dovessero derivare dall'accesso e dall'uso del Sito Web. Allo stesso modo, non sar\u00e0 responsabile per danni o perdite che possano essere causati dall'accesso e\/o dall'uso delle informazioni contenute nel Sito Web, e in particolare quelli che possano verificarsi nei sistemi informatici o quelli causati da virus\/attacchi informatici, arresti anomali, interruzioni, assenza o difetti di connettivit\u00e0 e\/o di Internet.\u00a0<\/p><p>L'Utente sar\u00e0 responsabile per i danni e\/o perdite che FUNDACI\u00d3 EURECAT dovesse subire a seguito dell'inadempimento degli obblighi a cui \u00e8 soggetto attraverso il presente Avviso Legale, la normativa applicabile e la Privacy Policy e sui Cookie.\u00a0<\/p><h3><strong>Politica sui link\u00a0<\/strong><\/h3><h4><strong>1. Link esterni:<\/strong><\/h4><p>Le terze parti che intendono includere un link su questo sito web devono conformarsi alla legislazione vigente e non possono ospitare contenuti inappropriati, illegali, pornografici, violenti, ecc.\u00a0<\/p><p>FUNDACI\u00d3 EURECAT non sar\u00e0 in alcun caso responsabile del contenuto di tale Sito Web, n\u00e9 promuover\u00e0, garantir\u00e0, supervisioner\u00e0 o raccomander\u00e0 il contenuto in esso presente.\u00a0<\/p><p>Se il Sito web collegato non rispetta uno qualsiasi degli aspetti di cui sopra, sar\u00e0 obbligato a rimuovere immediatamente il link.\u00a0<\/p><h4><strong>2. Siti web collegati:<\/strong><\/h4><p>Questo Sito web pu\u00f2 contenere link a siti web di terzi che consentono all'Utente di accedervi. Tuttavia, FUNDACI\u00d3 EURECAT non \u00e8 responsabile dei contenuti di questi siti collegati; spetter\u00e0 piuttosto all'Utente farsi carico dell'accettazione e della verifica dell'accesso ogni volta che si collega.\u00a0<\/p><p>Questi link o menzioni hanno un utilizzo che non implica il supporto, l'approvazione, la commercializzazione o alcuna relazione di questo sito web con le persone o entit\u00e0 che possiedono il sito in cui si trovano.<\/p><h3><strong>Diritti di propriet\u00e0 intellettuale e industriale dei contenuti\u00a0<\/strong><\/h3><p>FUNDACI\u00d3 EURECAT, o i suoi licenziatari, sono titolari di tutti i diritti di propriet\u00e0 intellettuale sui Contenuti del Sito Internet, intesi come tutti i disegni, le banche dati, i programmi informatici sottostanti (incluso il codice sorgente), nonch\u00e9 i diversi elementi che compongono il Sito Web (testi, grafica, fotografie, video, colori, ecc.), la struttura, l'organizzazione, ecc. I marchi e i nomi commerciali (\u201csegni distintivi\u201d) sono di propriet\u00e0 di FUNDACI\u00d3 EURECAT o dei licenziatari.\u00a0<\/p><p>L'uso del Sito da parte dell'Utente non implica il trasferimento di alcun diritto di propriet\u00e0 intellettuale o industriale. All'Utente \u00e8 totalmente vietato riprodurre, copiare, distribuire, mettere a disposizione o comunicare pubblicamente, trasformare o modificare i Contenuti o i Segni Distintivi in qualsiasi modo, salvo autorizzazione del titolare dei diritti corrispondenti o che sia legalmente consentito.\u00a0<\/p><h3><strong>Legislazione applicabile\u00a0<\/strong><\/h3><p>Le Note Legali saranno disciplinate e interpretate in conformit\u00e0 alla legislazione spagnola.\u00a0<\/p><p>Qualsiasi controversia che possa sorgere in merito all'accesso al Sito Web sar\u00e0 sottoposta ai tribunali o ai fori competenti per la risoluzione in conformit\u00e0 con le normative per il consumo e per gli utenti.\u00a0<\/p><h3><strong>Contatti <\/strong><\/h3><h3><span style=\"font-size: 14px; font-weight: normal;\">Per qualsiasi domanda o commento su questo Avviso Legale, potete contattarci all'indirizzo\u00a0<\/span><a style=\"font-size: 14px; font-weight: normal;\" href=\"mailto:legal@eurecat.org\">legal@eurecat.org<\/a><span style=\"font-size: 14px; font-weight: normal;\">.\u00a0<\/span><\/h3>\t\t\t\t\t\t\t\t<\/div>\n\t\t\t\t\t<\/div>\n\t\t<\/div>\n\t\t\t\t\t<\/div>\n\t\t<\/section>\n\t\t\t\t\t<\/div>\n\t\t<\/div>\n\t\t\t\t\t<\/div>\n\t\t<\/section>\n\t\t\t\t<\/div>","protected":false},"excerpt":{"rendered":"<p>Legal Warning In compliance with Law 34\/2002 of 11 July on Information Society and Electronic Commerce Services, the User is informed that the owner of the website https:\/\/remedi-prima.eu\/ \u00a0is FUNDACI\u00d3 EURECAT, whose identification information is as follows:\u00a0 Registered office:\u00a0Av. Universitat Aut\u00f2noma, 23\u00a0 Post code:\u00a008290\u00a0 Town\/City:\u00a0Cerdanyola del Vall\u00e8s\u00a0 Province:\u00a0Barcelona\u00a0 CIF:\u00a0G66210345\u00a0 E-mail:\u00a0legal@eurecat.org \/ info@eurecat.org Registry data:\u00a0Registered in&hellip;<\/p>","protected":false},"author":2,"featured_media":0,"parent":0,"menu_order":0,"comment_status":"closed","ping_status":"closed","template":"","meta":{"footnotes":""},"class_list":["post-7216","page","type-page","status-publish","hentry"],"yoast_head":"<!-- This site is optimized with the Yoast SEO plugin v28.3 - https:\/\/yoast.com\/product\/yoast-seo-wordpress\/ -->\n<title>Legal Warning - remedi-prima<\/title>\n<meta name=\"robots\" content=\"noindex, follow\" \/>\n<meta property=\"og:locale\" content=\"it_IT\" \/>\n<meta property=\"og:type\" content=\"article\" \/>\n<meta property=\"og:title\" content=\"Legal Warning - remedi-prima\" \/>\n<meta property=\"og:description\" content=\"Legal Warning In compliance with Law 34\/2002 of 11 July on Information Society and Electronic Commerce Services, the User is informed that the owner of the website https:\/\/remedi-prima.eu\/ \u00a0is FUNDACI\u00d3 EURECAT, whose identification information is as follows:\u00a0 Registered office:\u00a0Av. Universitat Aut\u00f2noma, 23\u00a0 Post code:\u00a008290\u00a0 Town\/City:\u00a0Cerdanyola del Vall\u00e8s\u00a0 Province:\u00a0Barcelona\u00a0 CIF:\u00a0G66210345\u00a0 E-mail:\u00a0legal@eurecat.org \/ info@eurecat.org Registry data:\u00a0Registered in&hellip;\" \/>\n<meta property=\"og:url\" content=\"https:\/\/remedi-prima.eu\/it\/legal-warning\/\" \/>\n<meta property=\"og:site_name\" content=\"remedi-prima\" \/>\n<meta property=\"article:modified_time\" content=\"2026-07-20T11:24:08+00:00\" \/>\n<meta name=\"twitter:card\" content=\"summary_large_image\" \/>\n<meta name=\"twitter:label1\" content=\"Tempo di lettura stimato\" \/>\n\t<meta name=\"twitter:data1\" content=\"5 minuti\" \/>\n<script type=\"application\/ld+json\" class=\"yoast-schema-graph\">{\"@context\":\"https:\\\/\\\/schema.org\",\"@graph\":[{\"@type\":\"WebPage\",\"@id\":\"https:\\\/\\\/remedi-prima.eu\\\/legal-warning\\\/\",\"url\":\"https:\\\/\\\/remedi-prima.eu\\\/legal-warning\\\/\",\"name\":\"Legal Warning - remedi-prima\",\"isPartOf\":{\"@id\":\"https:\\\/\\\/remedi-prima.eu\\\/#website\"},\"datePublished\":\"2026-07-09T11:06:35+00:00\",\"dateModified\":\"2026-07-20T11:24:08+00:00\",\"breadcrumb\":{\"@id\":\"https:\\\/\\\/remedi-prima.eu\\\/legal-warning\\\/#breadcrumb\"},\"inLanguage\":\"it-IT\",\"potentialAction\":[{\"@type\":\"ReadAction\",\"target\":[\"https:\\\/\\\/remedi-prima.eu\\\/legal-warning\\\/\"]}]},{\"@type\":\"BreadcrumbList\",\"@id\":\"https:\\\/\\\/remedi-prima.eu\\\/legal-warning\\\/#breadcrumb\",\"itemListElement\":[{\"@type\":\"ListItem\",\"position\":1,\"name\":\"Home\",\"item\":\"https:\\\/\\\/remedi-prima.eu\\\/\"},{\"@type\":\"ListItem\",\"position\":2,\"name\":\"Legal Warning\"}]},{\"@type\":\"WebSite\",\"@id\":\"https:\\\/\\\/remedi-prima.eu\\\/#website\",\"url\":\"https:\\\/\\\/remedi-prima.eu\\\/\",\"name\":\"remedi-prima\",\"description\":\"remedi-prima\",\"publisher\":{\"@id\":\"https:\\\/\\\/remedi-prima.eu\\\/#organization\"},\"potentialAction\":[{\"@type\":\"SearchAction\",\"target\":{\"@type\":\"EntryPoint\",\"urlTemplate\":\"https:\\\/\\\/remedi-prima.eu\\\/?s={search_term_string}\"},\"query-input\":{\"@type\":\"PropertyValueSpecification\",\"valueRequired\":true,\"valueName\":\"search_term_string\"}}],\"inLanguage\":\"it-IT\"},{\"@type\":\"Organization\",\"@id\":\"https:\\\/\\\/remedi-prima.eu\\\/#organization\",\"name\":\"remedi-prima\",\"url\":\"https:\\\/\\\/remedi-prima.eu\\\/\",\"logo\":{\"@type\":\"ImageObject\",\"inLanguage\":\"it-IT\",\"@id\":\"https:\\\/\\\/remedi-prima.eu\\\/#\\\/schema\\\/logo\\\/image\\\/\",\"url\":\"https:\\\/\\\/remedi-prima.eu\\\/wp-content\\\/uploads\\\/2026\\\/07\\\/REMEDI_COLOR-HORITZONTAL-1-scaled-e1784030286740.png\",\"contentUrl\":\"https:\\\/\\\/remedi-prima.eu\\\/wp-content\\\/uploads\\\/2026\\\/07\\\/REMEDI_COLOR-HORITZONTAL-1-scaled-e1784030286740.png\",\"width\":1800,\"height\":670,\"caption\":\"remedi-prima\"},\"image\":{\"@id\":\"https:\\\/\\\/remedi-prima.eu\\\/#\\\/schema\\\/logo\\\/image\\\/\"}}]}<\/script>\n<!-- \/ Yoast SEO plugin. -->","yoast_head_json":{"title":"Legal Warning - remedi-prima","robots":{"index":"noindex","follow":"follow"},"og_locale":"it_IT","og_type":"article","og_title":"Legal Warning - remedi-prima","og_description":"Legal Warning In compliance with Law 34\/2002 of 11 July on Information Society and Electronic Commerce Services, the User is informed that the owner of the website https:\/\/remedi-prima.eu\/ \u00a0is FUNDACI\u00d3 EURECAT, whose identification information is as follows:\u00a0 Registered office:\u00a0Av. Universitat Aut\u00f2noma, 23\u00a0 Post code:\u00a008290\u00a0 Town\/City:\u00a0Cerdanyola del Vall\u00e8s\u00a0 Province:\u00a0Barcelona\u00a0 CIF:\u00a0G66210345\u00a0 E-mail:\u00a0legal@eurecat.org \/ info@eurecat.org Registry data:\u00a0Registered in&hellip;","og_url":"https:\/\/remedi-prima.eu\/it\/legal-warning\/","og_site_name":"remedi-prima","article_modified_time":"2026-07-20T11:24:08+00:00","twitter_card":"summary_large_image","twitter_misc":{"Tempo di lettura stimato":"5 minuti"},"schema":{"@context":"https:\/\/schema.org","@graph":[{"@type":"WebPage","@id":"https:\/\/remedi-prima.eu\/legal-warning\/","url":"https:\/\/remedi-prima.eu\/legal-warning\/","name":"Legal Warning - remedi-prima","isPartOf":{"@id":"https:\/\/remedi-prima.eu\/#website"},"datePublished":"2026-07-09T11:06:35+00:00","dateModified":"2026-07-20T11:24:08+00:00","breadcrumb":{"@id":"https:\/\/remedi-prima.eu\/legal-warning\/#breadcrumb"},"inLanguage":"it-IT","potentialAction":[{"@type":"ReadAction","target":["https:\/\/remedi-prima.eu\/legal-warning\/"]}]},{"@type":"BreadcrumbList","@id":"https:\/\/remedi-prima.eu\/legal-warning\/#breadcrumb","itemListElement":[{"@type":"ListItem","position":1,"name":"Home","item":"https:\/\/remedi-prima.eu\/"},{"@type":"ListItem","position":2,"name":"Legal Warning"}]},{"@type":"WebSite","@id":"https:\/\/remedi-prima.eu\/#website","url":"https:\/\/remedi-prima.eu\/","name":"remedi-prima","description":"remedi-prima","publisher":{"@id":"https:\/\/remedi-prima.eu\/#organization"},"potentialAction":[{"@type":"SearchAction","target":{"@type":"EntryPoint","urlTemplate":"https:\/\/remedi-prima.eu\/?s={search_term_string}"},"query-input":{"@type":"PropertyValueSpecification","valueRequired":true,"valueName":"search_term_string"}}],"inLanguage":"it-IT"},{"@type":"Organization","@id":"https:\/\/remedi-prima.eu\/#organization","name":"remedi-prima","url":"https:\/\/remedi-prima.eu\/","logo":{"@type":"ImageObject","inLanguage":"it-IT","@id":"https:\/\/remedi-prima.eu\/#\/schema\/logo\/image\/","url":"https:\/\/remedi-prima.eu\/wp-content\/uploads\/2026\/07\/REMEDI_COLOR-HORITZONTAL-1-scaled-e1784030286740.png","contentUrl":"https:\/\/remedi-prima.eu\/wp-content\/uploads\/2026\/07\/REMEDI_COLOR-HORITZONTAL-1-scaled-e1784030286740.png","width":1800,"height":670,"caption":"remedi-prima"},"image":{"@id":"https:\/\/remedi-prima.eu\/#\/schema\/logo\/image\/"}}]}},"_links":{"self":[{"href":"https:\/\/remedi-prima.eu\/it\/wp-json\/wp\/v2\/pages\/7216","targetHints":{"allow":["GET"]}}],"collection":[{"href":"https:\/\/remedi-prima.eu\/it\/wp-json\/wp\/v2\/pages"}],"about":[{"href":"https:\/\/remedi-prima.eu\/it\/wp-json\/wp\/v2\/types\/page"}],"author":[{"embeddable":true,"href":"https:\/\/remedi-prima.eu\/it\/wp-json\/wp\/v2\/users\/2"}],"replies":[{"embeddable":true,"href":"https:\/\/remedi-prima.eu\/it\/wp-json\/wp\/v2\/comments?post=7216"}],"version-history":[{"count":1,"href":"https:\/\/remedi-prima.eu\/it\/wp-json\/wp\/v2\/pages\/7216\/revisions"}],"predecessor-version":[{"id":7793,"href":"https:\/\/remedi-prima.eu\/it\/wp-json\/wp\/v2\/pages\/7216\/revisions\/7793"}],"wp:attachment":[{"href":"https:\/\/remedi-prima.eu\/it\/wp-json\/wp\/v2\/media?parent=7216"}],"curies":[{"name":"wp","href":"https:\/\/api.w.org\/{rel}","templated":true}]}}