{"id":7216,"date":"2026-07-09T13:06:35","date_gmt":"2026-07-09T11:06:35","guid":{"rendered":"https:\/\/remedi-prima.eu\/?page_id=7216"},"modified":"2026-07-20T13:24:08","modified_gmt":"2026-07-20T11:24:08","slug":"legal-warning","status":"publish","type":"page","link":"https:\/\/remedi-prima.eu\/es\/legal-warning\/","title":{"rendered":"Aviso legal"},"content":{"rendered":"<div data-elementor-type=\"wp-page\" data-elementor-id=\"7216\" class=\"elementor elementor-7216\" data-elementor-post-type=\"page\">\n\t\t\t\t<div class=\"elementor-element elementor-element-1ab19e0a e-flex e-con-boxed e-con e-parent\" data-id=\"1ab19e0a\" data-element_type=\"container\" data-e-type=\"container\">\n\t\t\t\t\t<div class=\"e-con-inner\">\n\t\t\t\t<div class=\"elementor-element elementor-element-3e74970 elementor-widget elementor-widget-spacer\" data-id=\"3e74970\" data-element_type=\"widget\" data-e-type=\"widget\" data-widget_type=\"spacer.default\">\n\t\t\t\t\t\t\t<div class=\"elementor-spacer\">\n\t\t\t<div class=\"elementor-spacer-inner\"><\/div>\n\t\t<\/div>\n\t\t\t\t\t\t<\/div>\n\t\t\t\t\t<\/div>\n\t\t\t\t<\/div>\n\t\t\t\t<section class=\"elementor-section elementor-top-section elementor-element elementor-element-7a6aa04c elementor-section-stretched elementor-section-content-middle elementor-reverse-mobile elementor-section-boxed elementor-section-height-default elementor-section-height-default\" data-id=\"7a6aa04c\" data-element_type=\"section\" data-e-type=\"section\" data-settings=\"{&quot;stretch_section&quot;:&quot;section-stretched&quot;}\">\n\t\t\t\t\t\t<div class=\"elementor-container elementor-column-gap-no\">\n\t\t\t\t\t<div class=\"elementor-column elementor-col-100 elementor-top-column elementor-element elementor-element-49decc9c\" data-id=\"49decc9c\" data-element_type=\"column\" data-e-type=\"column\">\n\t\t\t<div class=\"elementor-widget-wrap elementor-element-populated\">\n\t\t\t\t\t\t<section class=\"elementor-section elementor-inner-section elementor-element elementor-element-5bed2134 elementor-section-boxed elementor-section-height-default elementor-section-height-default\" data-id=\"5bed2134\" data-element_type=\"section\" data-e-type=\"section\">\n\t\t\t\t\t\t<div class=\"elementor-container elementor-column-gap-default\">\n\t\t\t\t\t<div class=\"elementor-column elementor-col-100 elementor-inner-column elementor-element elementor-element-18be9028\" data-id=\"18be9028\" data-element_type=\"column\" data-e-type=\"column\">\n\t\t\t<div class=\"elementor-widget-wrap elementor-element-populated\">\n\t\t\t\t\t\t<div class=\"elementor-element elementor-element-71aef151 elementor-widget__width-initial elementor-widget elementor-widget-text-editor\" data-id=\"71aef151\" data-element_type=\"widget\" data-e-type=\"widget\" data-widget_type=\"text-editor.default\">\n\t\t\t\t\t\t\t\t\t<h2><strong>Aviso legal<\/strong><\/h2><p>En cumplimiento de la Ley 34\/2002, de 11 de julio, de servicios de la sociedad de la informaci\u00f3n y de comercio electr\u00f3nico, se informa al Usuario que el titular del sitio web <a href=\"https:\/\/remedi-prima.eu\/es\/\" target=\"_blank\" rel=\"noopener\">https:\/\/remedi-prima.eu\/<\/a> \u00a0es FUNDACI\u00d3 EURECAT, cuya informaci\u00f3n de identificaci\u00f3n es la siguiente:\u00a0<\/p><ul><li><strong>Domicilio social:\u00a0<\/strong>Av. Universitat Aut\u00f2noma, 23\u00a0<\/li><li><strong>C\u00f3digo postal:\u00a0<\/strong>08290\u00a0<\/li><li><strong>Ciudad:\u00a0<\/strong>Cerdanyola del Vall\u00e8s<strong>\u00a0<\/strong><\/li><li><strong>Provincia:\u00a0<\/strong>Barcelona\u00a0<\/li><li><strong>CIF:\u00a0<\/strong>G66210345\u00a0<\/li><li><strong>Correo electr\u00f3nico:\u00a0<\/strong>legal@eurecat.org \/ info@eurecat.org<\/li><li><strong>Datos del registro:<\/strong>\u00a0Inscrita en el Registro de Fundaciones de la Generalitat de Catalunya con el n\u00famero 2826.<em>\u00a0<\/em><\/li><\/ul><h3><strong>Acceso al sitio web\u00a0<\/strong><\/h3><p>Este aviso legal regula el acceso y uso de la P\u00e1gina Web por parte de los Usuarios y tiene por objeto informar sobre los servicios y productos de la entidad y permitir el acceso general para todos los usuarios de Internet.\u00a0<\/p><p>Cualquier persona que acceda o utilice el Sitio Web se considera Usuario y acepta, sin reserva alguna, todas y cada una de las presentes condiciones generales, as\u00ed como aquellas otras condiciones particulares que, en su caso, rijan la utilizaci\u00f3n del Portal o de los servicios vinculados al mismo.\u00a0<\/p><p>El usuario deber\u00e1 leer atentamente el Aviso Legal y las Pol\u00edticas de Privacidad y Cookies cuando pretenda hacer uso de la Web, ya que FUNDACI\u00d3 EURECAT se reserva la facultad de efectuar, en cualquier momento y sin necesidad de previo aviso, cuantas modificaciones o actualizaciones de los contenidos y de los servicios, de las presentes disposiciones de acceso y utilizaci\u00f3n y, en general, de cuantos elementos integren el dise\u00f1o y la configuraci\u00f3n de su Web. En caso de no aceptar las condiciones de acceso y utilizaci\u00f3n, deber\u00e1 abstenerse de hacer uso de la Web y de cuantos contenidos y servicios de la misma disponga.\u00a0<\/p><h3><strong>Uso del sitio web\u00a0<\/strong><\/h3><p>El Usuario se compromete a hacer un uso diligente del Sitio Web, as\u00ed como de la informaci\u00f3n relativa a sus servicios y\/o actividades, en plena conformidad con las normativas aplicables, la \u00e9tica, y las buenas pr\u00e1cticas y el orden p\u00fablico generalmente aceptados; las condiciones de acceso y uso; y cualquier otra condici\u00f3n establecida en el Sitio Web.\u00a0<\/p><p>Adem\u00e1s, el usuario se compromete a abstenerse de utilizar cualquiera de los contenidos para fines ilegales o efectos prohibidos en este documento, que puedan ser perjudiciales para los derechos e intereses de terceros, o que de alguna manera puedan da\u00f1ar, inutilizar, sobrecargar, deteriorar o impedir el uso normal de los contenidos (hardware y software) de otros usuarios o de cualquier usuario de Internet en general.\u00a0<\/p><h3><strong>Operaci\u00f3n del sitio web\u00a0<\/strong><\/h3><p>En caso de incumplimiento de las condiciones del Aviso Legal, o de las Pol\u00edticas de Privacidad y Cookies, FUNDACI\u00d3 EURECAT se reserva el derecho de limitar, suspender y\/o excluir el acceso a su p\u00e1gina web, adoptando cualquier medida t\u00e9cnica necesaria al respecto. FUNDACI\u00d3 EURECAT realizar\u00e1 todos los esfuerzos posibles para mantener la p\u00e1gina web en buen funcionamiento, previniendo fallos o repar\u00e1ndolos y manteniendo actualizados los contenidos. No obstante, FUNDACI\u00d3 EURECAT no garantiza la disponibilidad y continuidad del acceso a la P\u00e1gina Web ni la ausencia de errores en el contenido.\u00a0<\/p><h3><strong>Responsabilidad\u00a0<\/strong><\/h3><p>El Usuario ser\u00e1 el \u00fanico responsable por el uso que pueda hacer de cualquier informaci\u00f3n o mecanismo del Sitio Web.\u00a0<\/p><p>FUNDACI\u00d3 EURECAT no ser\u00e1 responsable de ning\u00fan da\u00f1o al hardware y\/o software del Usuario que pueda derivarse del acceso y uso del Sitio Web. Asimismo, no ser\u00e1 responsable de los da\u00f1os o p\u00e9rdidas que puedan ser causados por el acceso y\/o uso de la informaci\u00f3n del Sitio Web, y espec\u00edficamente aquellos que puedan ocurrir en sistemas inform\u00e1ticos o aquellos causados por virus\/ataques inform\u00e1ticos, fallos, interrupciones, ausencia o defectos en la conectividad y\/o en Internet.\u00a0<\/p><p>El usuario ser\u00e1 responsable de los da\u00f1os y\/o p\u00e9rdidas que FUNDACI\u00d3 EURECAT pueda sufrir como consecuencia del incumplimiento de las obligaciones a las que est\u00e1 sujeto a trav\u00e9s de las presentes indicaciones legales, la normativa aplicable y las Pol\u00edticas de Privacidad y Cookies.\u00a0<\/p><h3><strong>Pol\u00edtica de enlaces\u00a0<\/strong><\/h3><h4><strong>1. Enlazando a la web:<\/strong><\/h4><p>Los terceros que pretendan incluir un enlace en esta p\u00e1gina web deber\u00e1n cumplir con la legislaci\u00f3n vigente y no podr\u00e1n alojar contenidos inapropiados, ilegales, pornogr\u00e1ficos, violentos, etc.\u00a0<\/p><p>FUNDACI\u00d3 EURECAT no ser\u00e1 en ning\u00fan caso responsable del contenido de dicho Sitio Web, ni promover\u00e1, garantizar\u00e1, supervisar\u00e1 o recomendar\u00e1 el contenido del mismo.\u00a0<\/p><p>Si el Sitio Web enlazado no cumple con alguno de los aspectos anteriores, estar\u00e1 obligado a eliminar el enlace de inmediato.\u00a0<\/p><h4><strong>2. Sitio web para enlazar:<\/strong><\/h4><p>Este sitio web puede incluir enlaces a sitios web de terceros que permiten al Usuario acceder a ellos. No obstante, la FUNDACI\u00d3 EURECAT no se hace responsable del contenido de estos sitios web enlazados, sino que el Usuario ser\u00e1 responsable de aceptar y verificar el acceso cada vez que se conecte.\u00a0<\/p><p>Estos enlaces o menciones tienen un uso que no implica el apoyo, aprobaci\u00f3n, comercializaci\u00f3n o cualquier relaci\u00f3n de este sitio web y las personas o entidades propietarias del sitio donde se encuentran.<\/p><h3><strong>Derechos de propiedad intelectual e industrial del contenido\u00a0<\/strong><\/h3><p>FUNDACI\u00d3 EURECAT, o sus licenciantes, son titulares de todos los derechos de propiedad intelectual sobre los Contenidos del Sitio Web, entendidos como todos los dise\u00f1os, bases de datos, programas de ordenador subyacentes (incluido el c\u00f3digo fuente), as\u00ed como los diferentes elementos que componen el Sitio Web (textos, gr\u00e1ficos, fotograf\u00edas, v\u00eddeos, colores, etc.), estructura, organizaci\u00f3n, etc. Las marcas y nombres comerciales (\u201csignos distintivos\u201d) son propiedad de FUNDACI\u00d3 EURECAT o de los licenciantes.\u00a0<\/p><p>El uso del Sitio Web por parte del Usuario no implica la transferencia de ning\u00fan derecho de propiedad intelectual o industrial. Queda totalmente prohibido al Usuario reproducir, copiar, distribuir, poner a disposici\u00f3n o comunicar p\u00fablicamente, transformar o modificar los Contenidos o los Signos Distintivos, bajo cualquier forma, salvo que se conceda la autorizaci\u00f3n del titular de los derechos correspondientes o que legalmente est\u00e9 permitido.\u00a0<\/p><h3><strong>Legislaci\u00f3n aplicable\u00a0<\/strong><\/h3><p>El Aviso Legal se regir\u00e1 e interpretar\u00e1 de conformidad con la legislaci\u00f3n espa\u00f1ola.\u00a0<\/p><p>Cualquier conflicto que pudiera surgir del acceso a la p\u00e1gina web ser\u00e1 sometido a los tribunales o juzgados competentes para su resoluci\u00f3n de conformidad con la normativa de consumidores y usuarios.\u00a0<\/p><h3><strong>Contacto <\/strong><\/h3><h3><span style=\"font-size: 14px; font-weight: normal;\">Para cualquier pregunta o comentario sobre este Aviso Legal, puede ponerse en contacto con nosotros en\u00a0<\/span><a style=\"font-size: 14px; font-weight: normal;\" href=\"mailto:legal@eurecat.org\">legal@eurecat.org<\/a><span style=\"font-size: 14px; font-weight: normal;\">.\u00a0<\/span><\/h3>\t\t\t\t\t\t\t\t<\/div>\n\t\t\t\t\t<\/div>\n\t\t<\/div>\n\t\t\t\t\t<\/div>\n\t\t<\/section>\n\t\t\t\t\t<\/div>\n\t\t<\/div>\n\t\t\t\t\t<\/div>\n\t\t<\/section>\n\t\t\t\t<\/div>","protected":false},"excerpt":{"rendered":"<p>Legal Warning In compliance with Law 34\/2002 of 11 July on Information Society and Electronic Commerce Services, the User is informed that the owner of the website https:\/\/remedi-prima.eu\/ \u00a0is FUNDACI\u00d3 EURECAT, whose identification information is as follows:\u00a0 Registered office:\u00a0Av. Universitat Aut\u00f2noma, 23\u00a0 Post code:\u00a008290\u00a0 Town\/City:\u00a0Cerdanyola del Vall\u00e8s\u00a0 Province:\u00a0Barcelona\u00a0 CIF:\u00a0G66210345\u00a0 E-mail:\u00a0legal@eurecat.org \/ info@eurecat.org Registry data:\u00a0Registered in&hellip;<\/p>","protected":false},"author":2,"featured_media":0,"parent":0,"menu_order":0,"comment_status":"closed","ping_status":"closed","template":"","meta":{"footnotes":""},"class_list":["post-7216","page","type-page","status-publish","hentry"],"yoast_head":"<!-- This site is optimized with the Yoast SEO plugin v28.3 - https:\/\/yoast.com\/product\/yoast-seo-wordpress\/ -->\n<title>Legal Warning - remedi-prima<\/title>\n<meta name=\"robots\" content=\"noindex, follow\" \/>\n<meta property=\"og:locale\" content=\"es_ES\" \/>\n<meta property=\"og:type\" content=\"article\" \/>\n<meta property=\"og:title\" content=\"Legal Warning - remedi-prima\" \/>\n<meta property=\"og:description\" content=\"Legal Warning In compliance with Law 34\/2002 of 11 July on Information Society and Electronic Commerce Services, the User is informed that the owner of the website https:\/\/remedi-prima.eu\/ \u00a0is FUNDACI\u00d3 EURECAT, whose identification information is as follows:\u00a0 Registered office:\u00a0Av. Universitat Aut\u00f2noma, 23\u00a0 Post code:\u00a008290\u00a0 Town\/City:\u00a0Cerdanyola del Vall\u00e8s\u00a0 Province:\u00a0Barcelona\u00a0 CIF:\u00a0G66210345\u00a0 E-mail:\u00a0legal@eurecat.org \/ info@eurecat.org Registry data:\u00a0Registered in&hellip;\" \/>\n<meta property=\"og:url\" content=\"https:\/\/remedi-prima.eu\/es\/legal-warning\/\" \/>\n<meta property=\"og:site_name\" content=\"remedi-prima\" \/>\n<meta property=\"article:modified_time\" content=\"2026-07-20T11:24:08+00:00\" \/>\n<meta name=\"twitter:card\" content=\"summary_large_image\" \/>\n<meta name=\"twitter:label1\" content=\"Tiempo de lectura\" \/>\n\t<meta name=\"twitter:data1\" content=\"5 minutos\" \/>\n<script type=\"application\/ld+json\" class=\"yoast-schema-graph\">{\"@context\":\"https:\\\/\\\/schema.org\",\"@graph\":[{\"@type\":\"WebPage\",\"@id\":\"https:\\\/\\\/remedi-prima.eu\\\/legal-warning\\\/\",\"url\":\"https:\\\/\\\/remedi-prima.eu\\\/legal-warning\\\/\",\"name\":\"Legal Warning - remedi-prima\",\"isPartOf\":{\"@id\":\"https:\\\/\\\/remedi-prima.eu\\\/#website\"},\"datePublished\":\"2026-07-09T11:06:35+00:00\",\"dateModified\":\"2026-07-20T11:24:08+00:00\",\"breadcrumb\":{\"@id\":\"https:\\\/\\\/remedi-prima.eu\\\/legal-warning\\\/#breadcrumb\"},\"inLanguage\":\"es\",\"potentialAction\":[{\"@type\":\"ReadAction\",\"target\":[\"https:\\\/\\\/remedi-prima.eu\\\/legal-warning\\\/\"]}]},{\"@type\":\"BreadcrumbList\",\"@id\":\"https:\\\/\\\/remedi-prima.eu\\\/legal-warning\\\/#breadcrumb\",\"itemListElement\":[{\"@type\":\"ListItem\",\"position\":1,\"name\":\"Home\",\"item\":\"https:\\\/\\\/remedi-prima.eu\\\/\"},{\"@type\":\"ListItem\",\"position\":2,\"name\":\"Legal Warning\"}]},{\"@type\":\"WebSite\",\"@id\":\"https:\\\/\\\/remedi-prima.eu\\\/#website\",\"url\":\"https:\\\/\\\/remedi-prima.eu\\\/\",\"name\":\"remedi-prima\",\"description\":\"remedi-prima\",\"publisher\":{\"@id\":\"https:\\\/\\\/remedi-prima.eu\\\/#organization\"},\"potentialAction\":[{\"@type\":\"SearchAction\",\"target\":{\"@type\":\"EntryPoint\",\"urlTemplate\":\"https:\\\/\\\/remedi-prima.eu\\\/?s={search_term_string}\"},\"query-input\":{\"@type\":\"PropertyValueSpecification\",\"valueRequired\":true,\"valueName\":\"search_term_string\"}}],\"inLanguage\":\"es\"},{\"@type\":\"Organization\",\"@id\":\"https:\\\/\\\/remedi-prima.eu\\\/#organization\",\"name\":\"remedi-prima\",\"url\":\"https:\\\/\\\/remedi-prima.eu\\\/\",\"logo\":{\"@type\":\"ImageObject\",\"inLanguage\":\"es\",\"@id\":\"https:\\\/\\\/remedi-prima.eu\\\/#\\\/schema\\\/logo\\\/image\\\/\",\"url\":\"https:\\\/\\\/remedi-prima.eu\\\/wp-content\\\/uploads\\\/2026\\\/07\\\/REMEDI_COLOR-HORITZONTAL-1-scaled-e1784030286740.png\",\"contentUrl\":\"https:\\\/\\\/remedi-prima.eu\\\/wp-content\\\/uploads\\\/2026\\\/07\\\/REMEDI_COLOR-HORITZONTAL-1-scaled-e1784030286740.png\",\"width\":1800,\"height\":670,\"caption\":\"remedi-prima\"},\"image\":{\"@id\":\"https:\\\/\\\/remedi-prima.eu\\\/#\\\/schema\\\/logo\\\/image\\\/\"}}]}<\/script>\n<!-- \/ Yoast SEO plugin. -->","yoast_head_json":{"title":"Legal Warning - remedi-prima","robots":{"index":"noindex","follow":"follow"},"og_locale":"es_ES","og_type":"article","og_title":"Legal Warning - remedi-prima","og_description":"Legal Warning In compliance with Law 34\/2002 of 11 July on Information Society and Electronic Commerce Services, the User is informed that the owner of the website https:\/\/remedi-prima.eu\/ \u00a0is FUNDACI\u00d3 EURECAT, whose identification information is as follows:\u00a0 Registered office:\u00a0Av. Universitat Aut\u00f2noma, 23\u00a0 Post code:\u00a008290\u00a0 Town\/City:\u00a0Cerdanyola del Vall\u00e8s\u00a0 Province:\u00a0Barcelona\u00a0 CIF:\u00a0G66210345\u00a0 E-mail:\u00a0legal@eurecat.org \/ info@eurecat.org Registry data:\u00a0Registered in&hellip;","og_url":"https:\/\/remedi-prima.eu\/es\/legal-warning\/","og_site_name":"remedi-prima","article_modified_time":"2026-07-20T11:24:08+00:00","twitter_card":"summary_large_image","twitter_misc":{"Tiempo de lectura":"5 minutos"},"schema":{"@context":"https:\/\/schema.org","@graph":[{"@type":"WebPage","@id":"https:\/\/remedi-prima.eu\/legal-warning\/","url":"https:\/\/remedi-prima.eu\/legal-warning\/","name":"Legal Warning - remedi-prima","isPartOf":{"@id":"https:\/\/remedi-prima.eu\/#website"},"datePublished":"2026-07-09T11:06:35+00:00","dateModified":"2026-07-20T11:24:08+00:00","breadcrumb":{"@id":"https:\/\/remedi-prima.eu\/legal-warning\/#breadcrumb"},"inLanguage":"es","potentialAction":[{"@type":"ReadAction","target":["https:\/\/remedi-prima.eu\/legal-warning\/"]}]},{"@type":"BreadcrumbList","@id":"https:\/\/remedi-prima.eu\/legal-warning\/#breadcrumb","itemListElement":[{"@type":"ListItem","position":1,"name":"Home","item":"https:\/\/remedi-prima.eu\/"},{"@type":"ListItem","position":2,"name":"Legal Warning"}]},{"@type":"WebSite","@id":"https:\/\/remedi-prima.eu\/#website","url":"https:\/\/remedi-prima.eu\/","name":"remedi-prima","description":"remedi-prima","publisher":{"@id":"https:\/\/remedi-prima.eu\/#organization"},"potentialAction":[{"@type":"SearchAction","target":{"@type":"EntryPoint","urlTemplate":"https:\/\/remedi-prima.eu\/?s={search_term_string}"},"query-input":{"@type":"PropertyValueSpecification","valueRequired":true,"valueName":"search_term_string"}}],"inLanguage":"es"},{"@type":"Organization","@id":"https:\/\/remedi-prima.eu\/#organization","name":"remedi-prima","url":"https:\/\/remedi-prima.eu\/","logo":{"@type":"ImageObject","inLanguage":"es","@id":"https:\/\/remedi-prima.eu\/#\/schema\/logo\/image\/","url":"https:\/\/remedi-prima.eu\/wp-content\/uploads\/2026\/07\/REMEDI_COLOR-HORITZONTAL-1-scaled-e1784030286740.png","contentUrl":"https:\/\/remedi-prima.eu\/wp-content\/uploads\/2026\/07\/REMEDI_COLOR-HORITZONTAL-1-scaled-e1784030286740.png","width":1800,"height":670,"caption":"remedi-prima"},"image":{"@id":"https:\/\/remedi-prima.eu\/#\/schema\/logo\/image\/"}}]}},"_links":{"self":[{"href":"https:\/\/remedi-prima.eu\/es\/wp-json\/wp\/v2\/pages\/7216","targetHints":{"allow":["GET"]}}],"collection":[{"href":"https:\/\/remedi-prima.eu\/es\/wp-json\/wp\/v2\/pages"}],"about":[{"href":"https:\/\/remedi-prima.eu\/es\/wp-json\/wp\/v2\/types\/page"}],"author":[{"embeddable":true,"href":"https:\/\/remedi-prima.eu\/es\/wp-json\/wp\/v2\/users\/2"}],"replies":[{"embeddable":true,"href":"https:\/\/remedi-prima.eu\/es\/wp-json\/wp\/v2\/comments?post=7216"}],"version-history":[{"count":1,"href":"https:\/\/remedi-prima.eu\/es\/wp-json\/wp\/v2\/pages\/7216\/revisions"}],"predecessor-version":[{"id":7793,"href":"https:\/\/remedi-prima.eu\/es\/wp-json\/wp\/v2\/pages\/7216\/revisions\/7793"}],"wp:attachment":[{"href":"https:\/\/remedi-prima.eu\/es\/wp-json\/wp\/v2\/media?parent=7216"}],"curies":[{"name":"bien jugado","href":"https:\/\/api.w.org\/{rel}","templated":true}]}}