{"id":6735,"date":"2026-07-07T10:41:34","date_gmt":"2026-07-07T08:41:34","guid":{"rendered":"https:\/\/remedi-prima.eu\/?page_id=6735"},"modified":"2026-07-20T15:05:34","modified_gmt":"2026-07-20T13:05:34","slug":"about","status":"publish","type":"page","link":"https:\/\/remedi-prima.eu\/ca\/about\/","title":{"rendered":"Sobre"},"content":{"rendered":"<div data-elementor-type=\"wp-page\" data-elementor-id=\"6735\" class=\"elementor elementor-6735\" data-elementor-post-type=\"page\">\n\t\t\t\t\t\t<section class=\"elementor-section elementor-top-section elementor-element elementor-element-a5d1f24 elementor-section-stretched elementor-section-content-middle elementor-reverse-mobile elementor-section-boxed elementor-section-height-default elementor-section-height-default\" data-id=\"a5d1f24\" data-element_type=\"section\" data-e-type=\"section\" data-settings=\"{&quot;stretch_section&quot;:&quot;section-stretched&quot;}\">\n\t\t\t\t\t\t<div class=\"elementor-container elementor-column-gap-no\">\n\t\t\t\t\t<div class=\"elementor-column elementor-col-100 elementor-top-column elementor-element elementor-element-72290bbb\" data-id=\"72290bbb\" data-element_type=\"column\" data-e-type=\"column\">\n\t\t\t<div class=\"elementor-widget-wrap elementor-element-populated\">\n\t\t\t\t\t\t<div class=\"elementor-element elementor-element-e7a4eac elementor-widget elementor-widget-spacer\" data-id=\"e7a4eac\" data-element_type=\"widget\" data-e-type=\"widget\" data-widget_type=\"spacer.default\">\n\t\t\t\t\t\t\t<div class=\"elementor-spacer\">\n\t\t\t<div class=\"elementor-spacer-inner\"><\/div>\n\t\t<\/div>\n\t\t\t\t\t\t<\/div>\n\t\t\t\t<div class=\"elementor-element elementor-element-3bf5768 elementor-widget elementor-widget-heading\" data-id=\"3bf5768\" data-element_type=\"widget\" data-e-type=\"widget\" data-widget_type=\"heading.default\">\n\t\t\t\t\t<h2 class=\"elementor-heading-title elementor-size-default\">Tornant a connectar <span class=\"paint-accent-color\"> l'agricultura d'arr\u00f2s i aiguamolls <\/span>a trav\u00e9s del Mediterrani<\/h2>\t\t\t\t<\/div>\n\t\t\t\t<section class=\"elementor-section elementor-inner-section elementor-element elementor-element-8532f29 elementor-section-boxed elementor-section-height-default elementor-section-height-default\" data-id=\"8532f29\" data-element_type=\"section\" data-e-type=\"section\">\n\t\t\t\t\t\t<div class=\"elementor-container elementor-column-gap-default\">\n\t\t\t\t\t<div class=\"elementor-column elementor-col-50 elementor-inner-column elementor-element elementor-element-381f020\" data-id=\"381f020\" data-element_type=\"column\" data-e-type=\"column\">\n\t\t\t<div class=\"elementor-widget-wrap elementor-element-populated\">\n\t\t\t\t\t\t<div class=\"elementor-element elementor-element-6917f49 elementor-widget__width-initial elementor-widget elementor-widget-text-editor\" data-id=\"6917f49\" data-element_type=\"widget\" data-e-type=\"widget\" data-widget_type=\"text-editor.default\">\n\t\t\t\t\t\t\t\t\t<p class=\"translation-block\">Els camps d&#x27;arr\u00f2s s\u00f3n <strong>molt m\u00e9s que terres agr\u00edcoles<\/strong>.<br>Tamb\u00e9 s\u00f3n valuosos ecosistemes humits que poden proporcionar h\u00e0bitat per a la fauna salvatge, millorar la gesti\u00f3 de l&#x27;aigua, emmagatzemar carboni i ajudar les comunitats a adaptar-se al canvi clim\u00e0tic.<\/p><p class=\"translation-block\">ReMedi \u00e9s un projecte europeu que t\u00e9 com a objectiu <strong>mostrar com la producci\u00f3 d&#x27;arr\u00f2s i la conservaci\u00f3 de la natura poden anar de la m\u00e0.<\/strong> Tractant els arrossars i les zones humides circumdants com un \u00fanic sistema connectat, el projecte desenvolupa <strong>solucions pr\u00e0ctiques que donen suport a la biodiversitat, milloren la resili\u00e8ncia de l&#x27;aigua i promouen una producci\u00f3 aliment\u00e0ria m\u00e9s sostenible.<\/strong><\/p><p class=\"translation-block\">Durant tres anys, ReMedi reunir\u00e0 <strong>agricultors, investigadors, organitzacions de conservaci\u00f3 i responsables pol\u00edtics<\/strong> per provar i validar enfocaments innovadors en diferents regions mediterr\u00e0nies.<\/p>\t\t\t\t\t\t\t\t<\/div>\n\t\t\t\t\t<\/div>\n\t\t<\/div>\n\t\t\t\t<div class=\"elementor-column elementor-col-50 elementor-inner-column elementor-element elementor-element-2002138\" data-id=\"2002138\" data-element_type=\"column\" data-e-type=\"column\">\n\t\t\t<div class=\"elementor-widget-wrap elementor-element-populated\">\n\t\t\t\t\t\t<div class=\"elementor-element elementor-element-9a9bc26 elementor-widget elementor-widget-image\" data-id=\"9a9bc26\" data-element_type=\"widget\" data-e-type=\"widget\" data-widget_type=\"image.default\">\n\t\t\t\t\t\t\t\t\t\t\t\t\t\t\t<img fetchpriority=\"high\" decoding=\"async\" width=\"595\" height=\"842\" src=\"https:\/\/remedi-prima.eu\/wp-content\/uploads\/2026\/07\/gota_2.png\" class=\"attachment-large size-large wp-image-7631\" alt=\"\" srcset=\"https:\/\/remedi-prima.eu\/wp-content\/uploads\/2026\/07\/gota_2.png 595w, https:\/\/remedi-prima.eu\/wp-content\/uploads\/2026\/07\/gota_2-212x300.png 212w, https:\/\/remedi-prima.eu\/wp-content\/uploads\/2026\/07\/gota_2-8x12.png 8w\" sizes=\"(max-width: 595px) 100vw, 595px\" \/>\t\t\t\t\t\t\t\t\t\t\t\t\t\t\t<\/div>\n\t\t\t\t\t<\/div>\n\t\t<\/div>\n\t\t\t\t\t<\/div>\n\t\t<\/section>\n\t\t\t\t<div class=\"elementor-element elementor-element-72cb2f5 elementor-widget elementor-widget-spacer\" data-id=\"72cb2f5\" data-element_type=\"widget\" data-e-type=\"widget\" data-widget_type=\"spacer.default\">\n\t\t\t\t\t\t\t<div class=\"elementor-spacer\">\n\t\t\t<div class=\"elementor-spacer-inner\"><\/div>\n\t\t<\/div>\n\t\t\t\t\t\t<\/div>\n\t\t\t\t\t<\/div>\n\t\t<\/div>\n\t\t\t\t\t<\/div>\n\t\t<\/section>\n\t\t\t\t<section class=\"elementor-section elementor-top-section elementor-element elementor-element-4323985 elementor-section-stretched elementor-section-content-middle elementor-reverse-mobile elementor-section-boxed elementor-section-height-default elementor-section-height-default\" data-id=\"4323985\" data-element_type=\"section\" data-e-type=\"section\" data-settings=\"{&quot;stretch_section&quot;:&quot;section-stretched&quot;,&quot;background_background&quot;:&quot;classic&quot;}\">\n\t\t\t\t\t\t\t<div class=\"elementor-background-overlay\"><\/div>\n\t\t\t\t\t\t\t<div class=\"elementor-container elementor-column-gap-no\">\n\t\t\t\t\t<div class=\"elementor-column elementor-col-100 elementor-top-column elementor-element elementor-element-5783459\" data-id=\"5783459\" data-element_type=\"column\" data-e-type=\"column\">\n\t\t\t<div class=\"elementor-widget-wrap elementor-element-populated\">\n\t\t\t\t\t\t<div class=\"elementor-element elementor-element-600dd4e elementor-widget elementor-widget-spacer\" data-id=\"600dd4e\" data-element_type=\"widget\" data-e-type=\"widget\" data-widget_type=\"spacer.default\">\n\t\t\t\t\t\t\t<div class=\"elementor-spacer\">\n\t\t\t<div class=\"elementor-spacer-inner\"><\/div>\n\t\t<\/div>\n\t\t\t\t\t\t<\/div>\n\t\t\t\t<div class=\"elementor-element elementor-element-53fda60 elementor-widget elementor-widget-spacer\" data-id=\"53fda60\" data-element_type=\"widget\" data-e-type=\"widget\" data-widget_type=\"spacer.default\">\n\t\t\t\t\t\t\t<div class=\"elementor-spacer\">\n\t\t\t<div class=\"elementor-spacer-inner\"><\/div>\n\t\t<\/div>\n\t\t\t\t\t\t<\/div>\n\t\t\t\t<div class=\"elementor-element elementor-element-984a6b8 elementor-widget elementor-widget-heading\" data-id=\"984a6b8\" data-element_type=\"widget\" data-e-type=\"widget\" data-widget_type=\"heading.default\">\n\t\t\t\t\t<h2 class=\"elementor-heading-title elementor-size-default\">Per qu\u00e8 es necessita ReMedi?<\/h2>\t\t\t\t<\/div>\n\t\t\t\t<div class=\"elementor-element elementor-element-4b89c4a elementor-widget elementor-widget-spacer\" data-id=\"4b89c4a\" data-element_type=\"widget\" data-e-type=\"widget\" data-widget_type=\"spacer.default\">\n\t\t\t\t\t\t\t<div class=\"elementor-spacer\">\n\t\t\t<div class=\"elementor-spacer-inner\"><\/div>\n\t\t<\/div>\n\t\t\t\t\t\t<\/div>\n\t\t\t\t<section class=\"elementor-section elementor-inner-section elementor-element elementor-element-94dd8a9 elementor-section-boxed elementor-section-height-default elementor-section-height-default\" data-id=\"94dd8a9\" data-element_type=\"section\" data-e-type=\"section\">\n\t\t\t\t\t\t<div class=\"elementor-container elementor-column-gap-default\">\n\t\t\t\t\t<div class=\"elementor-column elementor-col-50 elementor-inner-column elementor-element elementor-element-22a6e25\" data-id=\"22a6e25\" data-element_type=\"column\" data-e-type=\"column\">\n\t\t\t<div class=\"elementor-widget-wrap elementor-element-populated\">\n\t\t\t\t\t\t<div class=\"elementor-element elementor-element-ee4c78c elementor-widget__width-initial elementor-widget elementor-widget-text-editor\" data-id=\"ee4c78c\" data-element_type=\"widget\" data-e-type=\"widget\" data-widget_type=\"text-editor.default\">\n\t\t\t\t\t\t\t\t\t<p>Les zones humides mediterr\u00e0nies estan sotmeses a una pressi\u00f3 creixent pel canvi clim\u00e0tic, l'escassetat d'aigua i la p\u00e8rdua de la biodiversitat.<\/p><p>Al mateix temps, els agricultors d'arr\u00f2s s'enfronten a reptes creixents relacionats amb la sequera, els canvis en els patrons meteorol\u00f2gics i la necessitat de produir aliments de manera m\u00e9s sostenible.<\/p><p>Tot i que les zones d'arrossars i les zones humides estan estretament connectades, sovint es gestionen per separat. ReMedi pret\u00e9n salvar aquesta bretxa desenvolupant solucions que beneficien tant l'agricultura com la natura.<\/p>\t\t\t\t\t\t\t\t<\/div>\n\t\t\t\t\t<\/div>\n\t\t<\/div>\n\t\t\t\t<div class=\"elementor-column elementor-col-50 elementor-inner-column elementor-element elementor-element-4630fb0\" data-id=\"4630fb0\" data-element_type=\"column\" data-e-type=\"column\" data-settings=\"{&quot;background_background&quot;:&quot;classic&quot;}\">\n\t\t\t<div class=\"elementor-widget-wrap elementor-element-populated\">\n\t\t\t\t\t\t<div class=\"elementor-element elementor-element-f81de87 elementor-align-start elementor-icon-list--layout-traditional elementor-list-item-link-full_width elementor-widget elementor-widget-icon-list\" data-id=\"f81de87\" data-element_type=\"widget\" data-e-type=\"widget\" data-widget_type=\"icon-list.default\">\n\t\t\t\t\t\t\t<ul class=\"elementor-icon-list-items\">\n\t\t\t\t\t\t\t<li class=\"elementor-icon-list-item\">\n\t\t\t\t\t\t\t\t\t\t\t<span class=\"elementor-icon-list-icon\">\n\t\t\t\t\t\t\t<svg aria-hidden=\"true\" class=\"e-font-icon-svg e-far-clock\" viewbox=\"0 0 512 512\" xmlns=\"http:\/\/www.w3.org\/2000\/svg\"><path d=\"M256 8C119 8 8 119 8 256s111 248 248 248 248-111 248-248S393 8 256 8zm0 448c-110.5 0-200-89.5-200-200S145.5 56 256 56s200 89.5 200 200-89.5 200-200 200zm61.8-104.4l-84.9-61.7c-3.1-2.3-4.9-5.9-4.9-9.7V116c0-6.6 5.4-12 12-12h32c6.6 0 12 5.4 12 12v141.7l66.8 48.6c5.4 3.9 6.5 11.4 2.6 16.8L334.6 349c-3.9 5.3-11.4 6.5-16.8 2.6z\"><\/path><\/svg>\t\t\t\t\t\t<\/span>\n\t\t\t\t\t\t\t\t\t\t<span class=\"elementor-icon-list-text\"><b>Durada:<\/b> 36 mesos<\/span>\n\t\t\t\t\t\t\t\t\t<\/li>\n\t\t\t\t\t\t\t\t<li class=\"elementor-icon-list-item\">\n\t\t\t\t\t\t\t\t\t\t\t<span class=\"elementor-icon-list-icon\">\n\t\t\t\t\t\t\t<svg aria-hidden=\"true\" class=\"e-font-icon-svg e-fas-users\" viewbox=\"0 0 640 512\" xmlns=\"http:\/\/www.w3.org\/2000\/svg\"><path d=\"M96 224c35.3 0 64-28.7 64-64s-28.7-64-64-64-64 28.7-64 64 28.7 64 64 64zm448 0c35.3 0 64-28.7 64-64s-28.7-64-64-64-64 28.7-64 64 28.7 64 64 64zm32 32h-64c-17.6 0-33.5 7.1-45.1 18.6 40.3 22.1 68.9 62 75.1 109.4h66c17.7 0 32-14.3 32-32v-32c0-35.3-28.7-64-64-64zm-256 0c61.9 0 112-50.1 112-112S381.9 32 320 32 208 82.1 208 144s50.1 112 112 112zm76.8 32h-8.3c-20.8 10-43.9 16-68.5 16s-47.6-6-68.5-16h-8.3C179.6 288 128 339.6 128 403.2V432c0 26.5 21.5 48 48 48h288c26.5 0 48-21.5 48-48v-28.8c0-63.6-51.6-115.2-115.2-115.2zm-223.7-13.4C161.5 263.1 145.6 256 128 256H64c-35.3 0-64 28.7-64 64v32c0 17.7 14.3 32 32 32h65.9c6.3-47.4 34.9-87.3 75.2-109.4z\"><\/path><\/svg>\t\t\t\t\t\t<\/span>\n\t\t\t\t\t\t\t\t\t\t<span class=\"elementor-icon-list-text\"><b>Coordinador:<\/b> Centre Tecnol\u00f2gic Eurecat (Espanya)<\/span>\n\t\t\t\t\t\t\t\t\t<\/li>\n\t\t\t\t\t\t\t\t<li class=\"elementor-icon-list-item\">\n\t\t\t\t\t\t\t\t\t\t\t<span class=\"elementor-icon-list-icon\">\n\t\t\t\t\t\t\t<svg aria-hidden=\"true\" class=\"e-font-icon-svg e-fas-project-diagram\" viewbox=\"0 0 640 512\" xmlns=\"http:\/\/www.w3.org\/2000\/svg\"><path d=\"M384 320H256c-17.67 0-32 14.33-32 32v128c0 17.67 14.33 32 32 32h128c17.67 0 32-14.33 32-32V352c0-17.67-14.33-32-32-32zM192 32c0-17.67-14.33-32-32-32H32C14.33 0 0 14.33 0 32v128c0 17.67 14.33 32 32 32h95.72l73.16 128.04C211.98 300.98 232.4 288 256 288h.28L192 175.51V128h224V64H192V32zM608 0H480c-17.67 0-32 14.33-32 32v128c0 17.67 14.33 32 32 32h128c17.67 0 32-14.33 32-32V32c0-17.67-14.33-32-32-32z\"><\/path><\/svg>\t\t\t\t\t\t<\/span>\n\t\t\t\t\t\t\t\t\t\t<span class=\"elementor-icon-list-text\"><b>Programa:<\/b> Programa PRIMA<\/span>\n\t\t\t\t\t\t\t\t\t<\/li>\n\t\t\t\t\t\t\t\t<li class=\"elementor-icon-list-item\">\n\t\t\t\t\t\t\t\t\t\t\t<span class=\"elementor-icon-list-icon\">\n\t\t\t\t\t\t\t<svg aria-hidden=\"true\" class=\"e-font-icon-svg e-fas-hands-helping\" viewbox=\"0 0 640 512\" xmlns=\"http:\/\/www.w3.org\/2000\/svg\"><path d=\"M488 192H336v56c0 39.7-32.3 72-72 72s-72-32.3-72-72V126.4l-64.9 39C107.8 176.9 96 197.8 96 220.2v47.3l-80 46.2C.7 322.5-4.6 342.1 4.3 357.4l80 138.6c8.8 15.3 28.4 20.5 43.7 11.7L231.4 448H368c35.3 0 64-28.7 64-64h16c17.7 0 32-14.3 32-32v-64h8c13.3 0 24-10.7 24-24v-48c0-13.3-10.7-24-24-24zm147.7-37.4L555.7 16C546.9.7 527.3-4.5 512 4.3L408.6 64H306.4c-12 0-23.7 3.4-33.9 9.7L239 94.6c-9.4 5.8-15 16.1-15 27.1V248c0 22.1 17.9 40 40 40s40-17.9 40-40v-88h184c30.9 0 56 25.1 56 56v28.5l80-46.2c15.3-8.9 20.5-28.4 11.7-43.7z\"><\/path><\/svg>\t\t\t\t\t\t<\/span>\n\t\t\t\t\t\t\t\t\t\t<span class=\"elementor-icon-list-text\"><b>Partners: <\/b> 10 organitzacions de 5 pa\u00efsos<\/span>\n\t\t\t\t\t\t\t\t\t<\/li>\n\t\t\t\t\t\t\t\t<li class=\"elementor-icon-list-item\">\n\t\t\t\t\t\t\t\t\t\t\t<span class=\"elementor-icon-list-icon\">\n\t\t\t\t\t\t\t<svg aria-hidden=\"true\" class=\"e-font-icon-svg e-fas-map-marked-alt\" viewbox=\"0 0 576 512\" xmlns=\"http:\/\/www.w3.org\/2000\/svg\"><path d=\"M288 0c-69.59 0-126 56.41-126 126 0 56.26 82.35 158.8 113.9 196.02 6.39 7.54 17.82 7.54 24.2 0C331.65 284.8 414 182.26 414 126 414 56.41 357.59 0 288 0zm0 168c-23.2 0-42-18.8-42-42s18.8-42 42-42 42 18.8 42 42-18.8 42-42 42zM20.12 215.95A32.006 32.006 0 0 0 0 245.66v250.32c0 11.32 11.43 19.06 21.94 14.86L160 448V214.92c-8.84-15.98-16.07-31.54-21.25-46.42L20.12 215.95zM288 359.67c-14.07 0-27.38-6.18-36.51-16.96-19.66-23.2-40.57-49.62-59.49-76.72v182l192 64V266c-18.92 27.09-39.82 53.52-59.49 76.72-9.13 10.77-22.44 16.95-36.51 16.95zm266.06-198.51L416 224v288l139.88-55.95A31.996 31.996 0 0 0 576 426.34V176.02c0-11.32-11.43-19.06-21.94-14.86z\"><\/path><\/svg>\t\t\t\t\t\t<\/span>\n\t\t\t\t\t\t\t\t\t\t<span class=\"elementor-icon-list-text\"><b>Regions pilot <\/b> Espanya, It\u00e0lia, Egipte i Turquia<\/span>\n\t\t\t\t\t\t\t\t\t<\/li>\n\t\t\t\t\t\t<\/ul>\n\t\t\t\t\t\t<\/div>\n\t\t\t\t\t<\/div>\n\t\t<\/div>\n\t\t\t\t\t<\/div>\n\t\t<\/section>\n\t\t\t\t<div class=\"elementor-element elementor-element-cc78bbc elementor-widget elementor-widget-spacer\" data-id=\"cc78bbc\" data-element_type=\"widget\" data-e-type=\"widget\" data-widget_type=\"spacer.default\">\n\t\t\t\t\t\t\t<div class=\"elementor-spacer\">\n\t\t\t<div class=\"elementor-spacer-inner\"><\/div>\n\t\t<\/div>\n\t\t\t\t\t\t<\/div>\n\t\t\t\t\t<\/div>\n\t\t<\/div>\n\t\t\t\t\t<\/div>\n\t\t<\/section>\n\t\t\t\t<\/div>","protected":false},"excerpt":{"rendered":"<p>Reconnecting rice farming and wetlands across the Mediterranean Rice fields are much more than agricultural land.They are also valuable wetland ecosystems that can provide habitat for wildlife, improve water management, store carbon, and help communities adapt to climate change. ReMedi is a European project that aims to show how rice farming and nature conservation can&hellip;<\/p>","protected":false},"author":4,"featured_media":0,"parent":0,"menu_order":18,"comment_status":"closed","ping_status":"closed","template":"","meta":{"footnotes":""},"class_list":["post-6735","page","type-page","status-publish","hentry"],"yoast_head":"<!-- This site is optimized with the Yoast SEO plugin v28.3 - https:\/\/yoast.com\/product\/yoast-seo-wordpress\/ -->\n<title>About - remedi-prima<\/title>\n<meta name=\"description\" content=\"ReMedi is a European project that aims to show how rice farming and nature conservation can work together. By treating rice paddies and surrounding wetlands as one connected system, the project develops practical solutions that support biodiversity, improve water resilience, and promote more sustainable food production.\" \/>\n<meta name=\"robots\" content=\"index, follow, max-snippet:-1, max-image-preview:large, max-video-preview:-1\" \/>\n<link rel=\"canonical\" href=\"https:\/\/remedi-prima.eu\/ca\/about\/\" \/>\n<meta property=\"og:locale\" content=\"ca_ES\" \/>\n<meta property=\"og:type\" content=\"article\" \/>\n<meta property=\"og:title\" content=\"About - remedi-prima\" \/>\n<meta property=\"og:description\" content=\"ReMedi is a European project that aims to show how rice farming and nature conservation can work together. By treating rice paddies and surrounding wetlands as one connected system, the project develops practical solutions that support biodiversity, improve water resilience, and promote more sustainable food production.\" \/>\n<meta property=\"og:url\" content=\"https:\/\/remedi-prima.eu\/ca\/about\/\" \/>\n<meta property=\"og:site_name\" content=\"remedi-prima\" \/>\n<meta property=\"article:modified_time\" content=\"2026-07-20T13:05:34+00:00\" \/>\n<meta property=\"og:image\" content=\"https:\/\/remedi-prima.eu\/wp-content\/uploads\/2026\/07\/gota_2.png\" \/>\n<meta name=\"twitter:card\" content=\"summary_large_image\" \/>\n<meta name=\"twitter:label1\" content=\"Temps estimat de lectura\" \/>\n\t<meta name=\"twitter:data1\" content=\"2 minuts\" \/>\n<script type=\"application\/ld+json\" class=\"yoast-schema-graph\">{\"@context\":\"https:\\\/\\\/schema.org\",\"@graph\":[{\"@type\":\"WebPage\",\"@id\":\"https:\\\/\\\/remedi-prima.eu\\\/about\\\/\",\"url\":\"https:\\\/\\\/remedi-prima.eu\\\/about\\\/\",\"name\":\"About - remedi-prima\",\"isPartOf\":{\"@id\":\"https:\\\/\\\/remedi-prima.eu\\\/#website\"},\"primaryImageOfPage\":{\"@id\":\"https:\\\/\\\/remedi-prima.eu\\\/about\\\/#primaryimage\"},\"image\":{\"@id\":\"https:\\\/\\\/remedi-prima.eu\\\/about\\\/#primaryimage\"},\"thumbnailUrl\":\"https:\\\/\\\/remedi-prima.eu\\\/wp-content\\\/uploads\\\/2026\\\/07\\\/gota_2.png\",\"datePublished\":\"2026-07-07T08:41:34+00:00\",\"dateModified\":\"2026-07-20T13:05:34+00:00\",\"description\":\"ReMedi is a European project that aims to show how rice farming and nature conservation can work together. By treating rice paddies and surrounding wetlands as one connected system, the project develops practical solutions that support biodiversity, improve water resilience, and promote more sustainable food production.\",\"breadcrumb\":{\"@id\":\"https:\\\/\\\/remedi-prima.eu\\\/about\\\/#breadcrumb\"},\"inLanguage\":\"ca\",\"potentialAction\":[{\"@type\":\"ReadAction\",\"target\":[\"https:\\\/\\\/remedi-prima.eu\\\/about\\\/\"]}]},{\"@type\":\"ImageObject\",\"inLanguage\":\"ca\",\"@id\":\"https:\\\/\\\/remedi-prima.eu\\\/about\\\/#primaryimage\",\"url\":\"https:\\\/\\\/remedi-prima.eu\\\/wp-content\\\/uploads\\\/2026\\\/07\\\/gota_2.png\",\"contentUrl\":\"https:\\\/\\\/remedi-prima.eu\\\/wp-content\\\/uploads\\\/2026\\\/07\\\/gota_2.png\"},{\"@type\":\"BreadcrumbList\",\"@id\":\"https:\\\/\\\/remedi-prima.eu\\\/about\\\/#breadcrumb\",\"itemListElement\":[{\"@type\":\"ListItem\",\"position\":1,\"name\":\"Home\",\"item\":\"https:\\\/\\\/remedi-prima.eu\\\/\"},{\"@type\":\"ListItem\",\"position\":2,\"name\":\"About\"}]},{\"@type\":\"WebSite\",\"@id\":\"https:\\\/\\\/remedi-prima.eu\\\/#website\",\"url\":\"https:\\\/\\\/remedi-prima.eu\\\/\",\"name\":\"remedi-prima\",\"description\":\"remedi-prima\",\"publisher\":{\"@id\":\"https:\\\/\\\/remedi-prima.eu\\\/#organization\"},\"potentialAction\":[{\"@type\":\"SearchAction\",\"target\":{\"@type\":\"EntryPoint\",\"urlTemplate\":\"https:\\\/\\\/remedi-prima.eu\\\/?s={search_term_string}\"},\"query-input\":{\"@type\":\"PropertyValueSpecification\",\"valueRequired\":true,\"valueName\":\"search_term_string\"}}],\"inLanguage\":\"ca\"},{\"@type\":\"Organization\",\"@id\":\"https:\\\/\\\/remedi-prima.eu\\\/#organization\",\"name\":\"remedi-prima\",\"url\":\"https:\\\/\\\/remedi-prima.eu\\\/\",\"logo\":{\"@type\":\"ImageObject\",\"inLanguage\":\"ca\",\"@id\":\"https:\\\/\\\/remedi-prima.eu\\\/#\\\/schema\\\/logo\\\/image\\\/\",\"url\":\"https:\\\/\\\/remedi-prima.eu\\\/wp-content\\\/uploads\\\/2026\\\/07\\\/REMEDI_COLOR-HORITZONTAL-1-scaled-e1784030286740.png\",\"contentUrl\":\"https:\\\/\\\/remedi-prima.eu\\\/wp-content\\\/uploads\\\/2026\\\/07\\\/REMEDI_COLOR-HORITZONTAL-1-scaled-e1784030286740.png\",\"width\":1800,\"height\":670,\"caption\":\"remedi-prima\"},\"image\":{\"@id\":\"https:\\\/\\\/remedi-prima.eu\\\/#\\\/schema\\\/logo\\\/image\\\/\"}}]}<\/script>\n<!-- \/ Yoast SEO plugin. -->","yoast_head_json":{"title":"About - remedi-prima","description":"ReMedi is a European project that aims to show how rice farming and nature conservation can work together. By treating rice paddies and surrounding wetlands as one connected system, the project develops practical solutions that support biodiversity, improve water resilience, and promote more sustainable food production.","robots":{"index":"index","follow":"follow","max-snippet":"max-snippet:-1","max-image-preview":"max-image-preview:large","max-video-preview":"max-video-preview:-1"},"canonical":"https:\/\/remedi-prima.eu\/ca\/about\/","og_locale":"ca_ES","og_type":"article","og_title":"About - remedi-prima","og_description":"ReMedi is a European project that aims to show how rice farming and nature conservation can work together. By treating rice paddies and surrounding wetlands as one connected system, the project develops practical solutions that support biodiversity, improve water resilience, and promote more sustainable food production.","og_url":"https:\/\/remedi-prima.eu\/ca\/about\/","og_site_name":"remedi-prima","article_modified_time":"2026-07-20T13:05:34+00:00","og_image":[{"url":"https:\/\/remedi-prima.eu\/wp-content\/uploads\/2026\/07\/gota_2.png","type":"","width":"","height":""}],"twitter_card":"summary_large_image","twitter_misc":{"Temps estimat de lectura":"2 minuts"},"schema":{"@context":"https:\/\/schema.org","@graph":[{"@type":"WebPage","@id":"https:\/\/remedi-prima.eu\/about\/","url":"https:\/\/remedi-prima.eu\/about\/","name":"About - remedi-prima","isPartOf":{"@id":"https:\/\/remedi-prima.eu\/#website"},"primaryImageOfPage":{"@id":"https:\/\/remedi-prima.eu\/about\/#primaryimage"},"image":{"@id":"https:\/\/remedi-prima.eu\/about\/#primaryimage"},"thumbnailUrl":"https:\/\/remedi-prima.eu\/wp-content\/uploads\/2026\/07\/gota_2.png","datePublished":"2026-07-07T08:41:34+00:00","dateModified":"2026-07-20T13:05:34+00:00","description":"ReMedi is a European project that aims to show how rice farming and nature conservation can work together. By treating rice paddies and surrounding wetlands as one connected system, the project develops practical solutions that support biodiversity, improve water resilience, and promote more sustainable food production.","breadcrumb":{"@id":"https:\/\/remedi-prima.eu\/about\/#breadcrumb"},"inLanguage":"ca","potentialAction":[{"@type":"ReadAction","target":["https:\/\/remedi-prima.eu\/about\/"]}]},{"@type":"ImageObject","inLanguage":"ca","@id":"https:\/\/remedi-prima.eu\/about\/#primaryimage","url":"https:\/\/remedi-prima.eu\/wp-content\/uploads\/2026\/07\/gota_2.png","contentUrl":"https:\/\/remedi-prima.eu\/wp-content\/uploads\/2026\/07\/gota_2.png"},{"@type":"BreadcrumbList","@id":"https:\/\/remedi-prima.eu\/about\/#breadcrumb","itemListElement":[{"@type":"ListItem","position":1,"name":"Home","item":"https:\/\/remedi-prima.eu\/"},{"@type":"ListItem","position":2,"name":"About"}]},{"@type":"WebSite","@id":"https:\/\/remedi-prima.eu\/#website","url":"https:\/\/remedi-prima.eu\/","name":"remedi-prima","description":"remedi-prima","publisher":{"@id":"https:\/\/remedi-prima.eu\/#organization"},"potentialAction":[{"@type":"SearchAction","target":{"@type":"EntryPoint","urlTemplate":"https:\/\/remedi-prima.eu\/?s={search_term_string}"},"query-input":{"@type":"PropertyValueSpecification","valueRequired":true,"valueName":"search_term_string"}}],"inLanguage":"ca"},{"@type":"Organization","@id":"https:\/\/remedi-prima.eu\/#organization","name":"remedi-prima","url":"https:\/\/remedi-prima.eu\/","logo":{"@type":"ImageObject","inLanguage":"ca","@id":"https:\/\/remedi-prima.eu\/#\/schema\/logo\/image\/","url":"https:\/\/remedi-prima.eu\/wp-content\/uploads\/2026\/07\/REMEDI_COLOR-HORITZONTAL-1-scaled-e1784030286740.png","contentUrl":"https:\/\/remedi-prima.eu\/wp-content\/uploads\/2026\/07\/REMEDI_COLOR-HORITZONTAL-1-scaled-e1784030286740.png","width":1800,"height":670,"caption":"remedi-prima"},"image":{"@id":"https:\/\/remedi-prima.eu\/#\/schema\/logo\/image\/"}}]}},"_links":{"self":[{"href":"https:\/\/remedi-prima.eu\/ca\/wp-json\/wp\/v2\/pages\/6735","targetHints":{"allow":["GET"]}}],"collection":[{"href":"https:\/\/remedi-prima.eu\/ca\/wp-json\/wp\/v2\/pages"}],"about":[{"href":"https:\/\/remedi-prima.eu\/ca\/wp-json\/wp\/v2\/types\/page"}],"author":[{"embeddable":true,"href":"https:\/\/remedi-prima.eu\/ca\/wp-json\/wp\/v2\/users\/4"}],"replies":[{"embeddable":true,"href":"https:\/\/remedi-prima.eu\/ca\/wp-json\/wp\/v2\/comments?post=6735"}],"version-history":[{"count":1,"href":"https:\/\/remedi-prima.eu\/ca\/wp-json\/wp\/v2\/pages\/6735\/revisions"}],"predecessor-version":[{"id":7637,"href":"https:\/\/remedi-prima.eu\/ca\/wp-json\/wp\/v2\/pages\/6735\/revisions\/7637"}],"wp:attachment":[{"href":"https:\/\/remedi-prima.eu\/ca\/wp-json\/wp\/v2\/media?parent=6735"}],"curies":[{"name":"wp","href":"https:\/\/api.w.org\/{rel}","templated":true}]}}